{"version":"1.0","provider_name":"Escola Sope\u00f1a Barcelona","provider_url":"https:\/\/sopenabarcelona.org\/es\/","author_name":"Jordi Hern\u00e1ndez","author_url":"https:\/\/sopenabarcelona.org\/es\/author\/jhernandez\/","title":"Act\u00faa y crea esperanza. - Escola Sope\u00f1a Barcelona","type":"rich","width":600,"height":338,"html":"<blockquote class=\"wp-embedded-content\" data-secret=\"HteMMlBtV9\"><a href=\"https:\/\/sopenabarcelona.org\/es\/actua-y-crea-esperanza\/\">Act\u00faa y crea esperanza.<\/a><\/blockquote><iframe sandbox=\"allow-scripts\" security=\"restricted\" src=\"https:\/\/sopenabarcelona.org\/es\/actua-y-crea-esperanza\/embed\/#?secret=HteMMlBtV9\" width=\"600\" height=\"338\" title=\"\u00abAct\u00faa y crea esperanza.\u00bb \u2014 Escola Sope\u00f1a Barcelona\" data-secret=\"HteMMlBtV9\" frameborder=\"0\" marginwidth=\"0\" marginheight=\"0\" scrolling=\"no\" class=\"wp-embedded-content\"><\/iframe><script>\n\/*! This file is auto-generated *\/\n!function(d,l){\"use strict\";l.querySelector&&d.addEventListener&&\"undefined\"!=typeof URL&&(d.wp=d.wp||{},d.wp.receiveEmbedMessage||(d.wp.receiveEmbedMessage=function(e){var t=e.data;if((t||t.secret||t.message||t.value)&&!\/[^a-zA-Z0-9]\/.test(t.secret)){for(var s,r,n,a=l.querySelectorAll('iframe[data-secret=\"'+t.secret+'\"]'),o=l.querySelectorAll('blockquote[data-secret=\"'+t.secret+'\"]'),c=new RegExp(\"^https?:$\",\"i\"),i=0;i<o.length;i++)o[i].style.display=\"none\";for(i=0;i<a.length;i++)s=a[i],e.source===s.contentWindow&&(s.removeAttribute(\"style\"),\"height\"===t.message?(1e3<(r=parseInt(t.value,10))?r=1e3:~~r<200&&(r=200),s.height=r):\"link\"===t.message&&(r=new URL(s.getAttribute(\"src\")),n=new URL(t.value),c.test(n.protocol))&&n.host===r.host&&l.activeElement===s&&(d.top.location.href=t.value))}},d.addEventListener(\"message\",d.wp.receiveEmbedMessage,!1),l.addEventListener(\"DOMContentLoaded\",function(){for(var e,t,s=l.querySelectorAll(\"iframe.wp-embedded-content\"),r=0;r<s.length;r++)(t=(e=s[r]).getAttribute(\"data-secret\"))||(t=Math.random().toString(36).substring(2,12),e.src+=\"#?secret=\"+t,e.setAttribute(\"data-secret\",t)),e.contentWindow.postMessage({message:\"ready\",secret:t},\"*\")},!1)))}(window,document);\n\/\/# sourceURL=https:\/\/sopenabarcelona.org\/wp-includes\/js\/wp-embed.min.js\n<\/script>\n","thumbnail_url":"https:\/\/sopenabarcelona.org\/wp-content\/uploads\/2023\/09\/prevencio.webp","thumbnail_width":670,"thumbnail_height":378,"description":"10 de septiembre, d\u00eda mundial para la PREVENCI\u00d3N DE LA CONDUCTA SUICIDA. &nbsp; &nbsp; Desde 2003, la Asociaci\u00f3n Internacional por la Prevenci\u00f3n del Suicidio (IASP, por sus siglas en ingl\u00e9s) promueve, junto con la Organizaci\u00f3n Mundial de la Salud, la celebraci\u00f3n del D\u00eda Mundial para la Prevenci\u00f3n del Suicidio. Este a\u00f1o, se cierra la tem\u00e1tica&hellip;"}