{"id":11301,"date":"2022-10-06T09:53:47","date_gmt":"2022-10-06T09:53:47","guid":{"rendered":"https:\/\/sopenabarcelona.org\/la-escuela\/accion-social-y-pastoral\/"},"modified":"2024-10-29T07:41:12","modified_gmt":"2024-10-29T07:41:12","slug":"contigo-sopena-es-mas","status":"publish","type":"page","link":"https:\/\/sopenabarcelona.org\/es\/la-escuela\/contigo-sopena-es-mas\/","title":{"rendered":"Acci\u00f3n social y pastoral"},"content":{"rendered":"\t\t<div data-elementor-type=\"wp-page\" data-elementor-id=\"11301\" class=\"elementor elementor-11301 elementor-10241\" data-elementor-post-type=\"page\">\n\t\t\t\t\t\t<section class=\"elementor-section elementor-top-section elementor-element elementor-element-9404ccb elementor-section-height-min-height elementor-section-stretched elementor-section-items-top elementor-section-boxed elementor-section-height-default\" data-id=\"9404ccb\" data-element_type=\"section\" data-e-type=\"section\" data-settings=\"{&quot;stretch_section&quot;:&quot;section-stretched&quot;,&quot;background_background&quot;:&quot;classic&quot;}\">\n\t\t\t\t\t\t<div class=\"elementor-container elementor-column-gap-default\">\n\t\t\t\t\t<div class=\"elementor-column elementor-col-50 elementor-top-column elementor-element elementor-element-cd28563\" data-id=\"cd28563\" data-element_type=\"column\" data-e-type=\"column\" data-settings=\"{&quot;background_background&quot;:&quot;classic&quot;}\">\n\t\t\t<div class=\"elementor-widget-wrap elementor-element-populated\">\n\t\t\t\t\t\t<div class=\"elementor-element elementor-element-7048fc5 elementor-widget elementor-widget-heading\" data-id=\"7048fc5\" data-element_type=\"widget\" data-e-type=\"widget\" data-widget_type=\"heading.default\">\n\t\t\t\t<div class=\"elementor-widget-container\">\n\t\t\t\t\t<h2 class=\"elementor-heading-title elementor-size-default\">Acci\u00f3n social y pastoral<\/h2>\t\t\t\t<\/div>\n\t\t\t\t<\/div>\n\t\t\t\t\t<\/div>\n\t\t<\/div>\n\t\t\t\t<div class=\"elementor-column elementor-col-50 elementor-top-column elementor-element elementor-element-fafb5de\" data-id=\"fafb5de\" data-element_type=\"column\" data-e-type=\"column\">\n\t\t\t<div class=\"elementor-widget-wrap\">\n\t\t\t\t\t\t\t<\/div>\n\t\t<\/div>\n\t\t\t\t\t<\/div>\n\t\t<\/section>\n\t\t\t\t<section class=\"elementor-section elementor-top-section elementor-element elementor-element-d59a966 elementor-section-boxed elementor-section-height-default elementor-section-height-default\" data-id=\"d59a966\" data-element_type=\"section\" data-e-type=\"section\">\n\t\t\t\t\t\t<div class=\"elementor-container elementor-column-gap-wider\">\n\t\t\t\t\t<div class=\"elementor-column elementor-col-66 elementor-top-column elementor-element elementor-element-f816885\" data-id=\"f816885\" data-element_type=\"column\" data-e-type=\"column\">\n\t\t\t<div class=\"elementor-widget-wrap elementor-element-populated\">\n\t\t\t\t\t\t<div class=\"elementor-element elementor-element-4bb98c3 elementor-widget elementor-widget-heading\" data-id=\"4bb98c3\" data-element_type=\"widget\" data-e-type=\"widget\" data-widget_type=\"heading.default\">\n\t\t\t\t<div class=\"elementor-widget-container\">\n\t\t\t\t\t<h4 class=\"elementor-heading-title elementor-size-medium\">Sope\u00f1a, lugar de encuentro.<\/h4>\t\t\t\t<\/div>\n\t\t\t\t<\/div>\n\t\t\t\t<div class=\"elementor-element elementor-element-5f6df9c elementor-widget elementor-widget-heading\" data-id=\"5f6df9c\" data-element_type=\"widget\" data-e-type=\"widget\" data-widget_type=\"heading.default\">\n\t\t\t\t<div class=\"elementor-widget-container\">\n\t\t\t\t\t<h6 class=\"elementor-heading-title elementor-size-small\">Lema curso 2024-25<\/h6>\t\t\t\t<\/div>\n\t\t\t\t<\/div>\n\t\t\t\t<div class=\"elementor-element elementor-element-b020767 elementor-widget elementor-widget-spacer\" data-id=\"b020767\" data-element_type=\"widget\" data-e-type=\"widget\" data-widget_type=\"spacer.default\">\n\t\t\t\t<div class=\"elementor-widget-container\">\n\t\t\t\t\t\t\t<div class=\"elementor-spacer\">\n\t\t\t<div class=\"elementor-spacer-inner\"><\/div>\n\t\t<\/div>\n\t\t\t\t\t\t<\/div>\n\t\t\t\t<\/div>\n\t\t\t\t<div class=\"elementor-element elementor-element-654b654 elementor-widget elementor-widget-text-editor\" data-id=\"654b654\" data-element_type=\"widget\" data-e-type=\"widget\" data-widget_type=\"text-editor.default\">\n\t\t\t\t<div class=\"elementor-widget-container\">\n\t\t\t\t\t\t\t\t\t<p><span style=\"font-weight: 400;\">En la escuela SOPE\u00d1A entendemos que el hecho de ser una escuela cristiana no significa ser s\u00f3lo una escuela para cristianos\/as, <\/span><b>sino que sea<\/b> <b>abierta a todo el mundo<\/b><span style=\"font-weight: 400;\">, independientemente de su confesi\u00f3n religiosa o no creencia, de que trabaje por la solidaridad, la paz, los derechos humanos, la justicia y la sostenibilidad, unos valores compartidos que vemos asumidos en la vida y la palabra de Jes\u00fas. Queremos ayudar a crecer a personas libres y solidarias, abiertas y receptivas.<\/span><\/p>\n<p><span style=\"font-weight: 400;\">Por eso a lo largo del curso, trabajar con el alumnado nuestros valores y sus dimensiones Interior, Emocional, Vocacional, Social y Espiritual. <\/span><\/p>\n<p><span style=\"font-weight: 400;\">Adem\u00e1s les acompa\u00f1an en las diferentes actividades voluntarias para todos los que quieran profundizar m\u00e1s.<\/span><\/p>\n<p><b>Actividades voluntarias y niveles para los que se ofrecen:<\/b><\/p>\n<ul>\n<li style=\"font-weight: 400;\" aria-level=\"1\"><b>Voluntariado y Acci\u00f3n Social:<\/b> <i><span style=\"font-weight: 400;\">Todos los niveles<\/span><\/i><span style=\"font-weight: 400;\"> <\/span><span style=\"font-weight: 400;\">Descubrimiento del sentido del voluntariado, colaboraciones con ONG y fundaciones de Barcelona y campa\u00f1as en la escuela.<\/span><\/li>\n<li style=\"font-weight: 400;\" aria-level=\"1\"><b>Sensibilitzaci\u00f3n y campa\u00f1as:<\/b> <i><span style=\"font-weight: 400;\">Todos los niveles<\/span><\/i><span style=\"font-weight: 400;\"><br \/><\/span><span style=\"font-weight: 400;\">Acercamiento de las realidades que se viven en los proyectos de la Escuela. Conocimiento de otras realidades de nuestro mundo a partir de charlas, visitas a ONG&#8217;s&#8230;<\/span><\/li>\n<li style=\"font-weight: 400;\" aria-level=\"1\"><b>Reflexi\u00f3n por niveles:<\/b><span style=\"font-weight: 400;\"> hacemos convivencias y talleres de interioridad y trabajamos los tiempos lit\u00fargicos, Navidad, Semana Santa entre otros<\/span><\/li>\n<\/ul>\n\t\t\t\t\t\t\t\t<\/div>\n\t\t\t\t<\/div>\n\t\t\t\t<div class=\"elementor-element elementor-element-7f1df6f elementor-widget-divider--view-line elementor-widget elementor-widget-divider\" data-id=\"7f1df6f\" data-element_type=\"widget\" data-e-type=\"widget\" data-widget_type=\"divider.default\">\n\t\t\t\t<div class=\"elementor-widget-container\">\n\t\t\t\t\t\t\t<div class=\"elementor-divider\">\n\t\t\t<span class=\"elementor-divider-separator\">\n\t\t\t\t\t\t<\/span>\n\t\t<\/div>\n\t\t\t\t\t\t<\/div>\n\t\t\t\t<\/div>\n\t\t\t\t<div class=\"elementor-element elementor-element-92519c0 elementor-align-left elementor-widget elementor-widget-button\" data-id=\"92519c0\" data-element_type=\"widget\" data-e-type=\"widget\" data-widget_type=\"button.default\">\n\t\t\t\t<div class=\"elementor-widget-container\">\n\t\t\t\t\t\t\t\t\t<div class=\"elementor-button-wrapper\">\n\t\t\t\t\t<a class=\"elementor-button elementor-button-link elementor-size-sm\" href=\"#\">\n\t\t\t\t\t\t<span class=\"elementor-button-content-wrapper\">\n\t\t\t\t\t\t<span class=\"elementor-button-icon\">\n\t\t\t\t<i aria-hidden=\"true\" class=\"fas fa-angle-right\"><\/i>\t\t\t<\/span>\n\t\t\t\t\t\t\t\t\t<span class=\"elementor-button-text\">Plan de pastoral (pr\u00f3ximamente)<\/span>\n\t\t\t\t\t<\/span>\n\t\t\t\t\t<\/a>\n\t\t\t\t<\/div>\n\t\t\t\t\t\t\t\t<\/div>\n\t\t\t\t<\/div>\n\t\t\t\t<div class=\"elementor-element elementor-element-d292fe0 elementor-widget elementor-widget-spacer\" data-id=\"d292fe0\" data-element_type=\"widget\" data-e-type=\"widget\" data-widget_type=\"spacer.default\">\n\t\t\t\t<div class=\"elementor-widget-container\">\n\t\t\t\t\t\t\t<div class=\"elementor-spacer\">\n\t\t\t<div class=\"elementor-spacer-inner\"><\/div>\n\t\t<\/div>\n\t\t\t\t\t\t<\/div>\n\t\t\t\t<\/div>\n\t\t\t\t\t<\/div>\n\t\t<\/div>\n\t\t\t\t<div class=\"elementor-column elementor-col-33 elementor-top-column elementor-element elementor-element-016581f\" data-id=\"016581f\" data-element_type=\"column\" data-e-type=\"column\">\n\t\t\t<div class=\"elementor-widget-wrap elementor-element-populated\">\n\t\t\t\t\t\t<div class=\"elementor-element elementor-element-e679128 elementor-widget elementor-widget-image\" data-id=\"e679128\" data-element_type=\"widget\" data-e-type=\"widget\" data-widget_type=\"image.default\">\n\t\t\t\t<div class=\"elementor-widget-container\">\n\t\t\t\t\t\t\t\t\t\t\t\t\t\t\t<img fetchpriority=\"high\" decoding=\"async\" width=\"400\" height=\"566\" src=\"https:\/\/sopenabarcelona.org\/wp-content\/uploads\/2024\/10\/SOPENApequ-e1726740575740.png\" class=\"attachment-2048x2048 size-2048x2048 wp-image-21496\" alt=\"Cartel lema 2024. Sope\u00f1a, lugar de encuentro\" srcset=\"https:\/\/sopenabarcelona.org\/wp-content\/uploads\/2024\/10\/SOPENApequ-e1726740575740.png 400w, https:\/\/sopenabarcelona.org\/wp-content\/uploads\/2024\/10\/SOPENApequ-e1726740575740-212x300.png 212w\" sizes=\"(max-width: 400px) 100vw, 400px\" \/>\t\t\t\t\t\t\t\t\t\t\t\t\t\t\t<\/div>\n\t\t\t\t<\/div>\n\t\t\t\t<div class=\"elementor-element elementor-element-af68a0b elementor-align-right elementor-widget elementor-widget-button\" data-id=\"af68a0b\" data-element_type=\"widget\" data-e-type=\"widget\" data-widget_type=\"button.default\">\n\t\t\t\t<div class=\"elementor-widget-container\">\n\t\t\t\t\t\t\t\t\t<div class=\"elementor-button-wrapper\">\n\t\t\t\t\t<a class=\"elementor-button elementor-button-link elementor-size-sm\" href=\"https:\/\/www.sopenafundacion.org\/sopena-lugar-encuentro-transformacion\/\" target=\"_blank\">\n\t\t\t\t\t\t<span class=\"elementor-button-content-wrapper\">\n\t\t\t\t\t\t\t\t\t<span class=\"elementor-button-text\">Informaci\u00f3n lema aqu\u00ed<\/span>\n\t\t\t\t\t<\/span>\n\t\t\t\t\t<\/a>\n\t\t\t\t<\/div>\n\t\t\t\t\t\t\t\t<\/div>\n\t\t\t\t<\/div>\n\t\t\t\t<div class=\"elementor-element elementor-element-ed3b4ba elementor-widget elementor-widget-spacer\" data-id=\"ed3b4ba\" data-element_type=\"widget\" data-e-type=\"widget\" data-widget_type=\"spacer.default\">\n\t\t\t\t<div class=\"elementor-widget-container\">\n\t\t\t\t\t\t\t<div class=\"elementor-spacer\">\n\t\t\t<div class=\"elementor-spacer-inner\"><\/div>\n\t\t<\/div>\n\t\t\t\t\t\t<\/div>\n\t\t\t\t<\/div>\n\t\t\t\t<div class=\"elementor-element elementor-element-7268ce6 elementor-widget elementor-widget-spacer\" data-id=\"7268ce6\" data-element_type=\"widget\" data-e-type=\"widget\" data-widget_type=\"spacer.default\">\n\t\t\t\t<div class=\"elementor-widget-container\">\n\t\t\t\t\t\t\t<div class=\"elementor-spacer\">\n\t\t\t<div class=\"elementor-spacer-inner\"><\/div>\n\t\t<\/div>\n\t\t\t\t\t\t<\/div>\n\t\t\t\t<\/div>\n\t\t\t\t<div class=\"elementor-element elementor-element-1e90eea elementor-widget elementor-widget-image\" data-id=\"1e90eea\" data-element_type=\"widget\" data-e-type=\"widget\" data-widget_type=\"image.default\">\n\t\t\t\t<div class=\"elementor-widget-container\">\n\t\t\t\t\t\t\t\t\t\t\t\t\t\t\t<img decoding=\"async\" width=\"1024\" height=\"1024\" src=\"https:\/\/sopenabarcelona.org\/wp-content\/uploads\/2024\/10\/AlimentosCuba-PostInstagram-1024x1024-1.png\" class=\"attachment-2048x2048 size-2048x2048 wp-image-21494\" alt=\"Projecte Solid\u00e0ri 2024 amb Sope\u00f1a Cuba\" srcset=\"https:\/\/sopenabarcelona.org\/wp-content\/uploads\/2024\/10\/AlimentosCuba-PostInstagram-1024x1024-1.png 1024w, https:\/\/sopenabarcelona.org\/wp-content\/uploads\/2024\/10\/AlimentosCuba-PostInstagram-1024x1024-1-300x300.png 300w, https:\/\/sopenabarcelona.org\/wp-content\/uploads\/2024\/10\/AlimentosCuba-PostInstagram-1024x1024-1-150x150.png 150w, https:\/\/sopenabarcelona.org\/wp-content\/uploads\/2024\/10\/AlimentosCuba-PostInstagram-1024x1024-1-768x768.png 768w, https:\/\/sopenabarcelona.org\/wp-content\/uploads\/2024\/10\/AlimentosCuba-PostInstagram-1024x1024-1-900x900.png 900w, https:\/\/sopenabarcelona.org\/wp-content\/uploads\/2024\/10\/AlimentosCuba-PostInstagram-1024x1024-1-200x200.png 200w\" sizes=\"(max-width: 1024px) 100vw, 1024px\" \/>\t\t\t\t\t\t\t\t\t\t\t\t\t\t\t<\/div>\n\t\t\t\t<\/div>\n\t\t\t\t<div class=\"elementor-element elementor-element-73a50da elementor-align-right elementor-widget elementor-widget-button\" data-id=\"73a50da\" data-element_type=\"widget\" data-e-type=\"widget\" data-widget_type=\"button.default\">\n\t\t\t\t<div class=\"elementor-widget-container\">\n\t\t\t\t\t\t\t\t\t<div class=\"elementor-button-wrapper\">\n\t\t\t\t\t<a class=\"elementor-button elementor-button-link elementor-size-sm\" href=\"https:\/\/www.sopenafundacion.org\/proyectos-solidarios\/\" target=\"_blank\">\n\t\t\t\t\t\t<span class=\"elementor-button-content-wrapper\">\n\t\t\t\t\t\t\t\t\t<span class=\"elementor-button-text\">Informaci\u00f3n proyecto aqu\u00ed<\/span>\n\t\t\t\t\t<\/span>\n\t\t\t\t\t<\/a>\n\t\t\t\t<\/div>\n\t\t\t\t\t\t\t\t<\/div>\n\t\t\t\t<\/div>\n\t\t\t\t\t<\/div>\n\t\t<\/div>\n\t\t\t\t\t<\/div>\n\t\t<\/section>\n\t\t\t\t<\/div>\n\t\t","protected":false},"excerpt":{"rendered":"<p>Acci\u00f3n social y pastoral Sope\u00f1a, lugar de encuentro. Lema curso 2024-25 En la escuela SOPE\u00d1A entendemos que el hecho de ser una escuela cristiana no significa ser s\u00f3lo una escuela para cristianos\/as, sino que sea abierta a todo el mundo, independientemente de su confesi\u00f3n religiosa o no creencia, de que trabaje por la solidaridad, la&hellip;<\/p>\n","protected":false},"author":1,"featured_media":10418,"parent":11299,"menu_order":20,"comment_status":"closed","ping_status":"closed","template":"elementor_header_footer","meta":{"footnotes":""},"class_list":["post-11301","page","type-page","status-publish","has-post-thumbnail","hentry"],"yoast_head":"<!-- This site is optimized with the Yoast SEO plugin v27.4 - https:\/\/yoast.com\/product\/yoast-seo-wordpress\/ -->\n<title>Acci\u00f3n social y pastoral - Escola Sope\u00f1a Barcelona<\/title>\n<meta name=\"robots\" content=\"index, follow, max-snippet:-1, max-image-preview:large, max-video-preview:-1\" \/>\n<link rel=\"canonical\" href=\"https:\/\/sopenabarcelona.org\/es\/la-escuela\/contigo-sopena-es-mas\/\" \/>\n<meta property=\"og:locale\" content=\"es_ES\" \/>\n<meta property=\"og:type\" content=\"article\" \/>\n<meta property=\"og:title\" content=\"Acci\u00f3n social y pastoral - Escola Sope\u00f1a Barcelona\" \/>\n<meta property=\"og:description\" content=\"Acci\u00f3n social y pastoral Sope\u00f1a, lugar de encuentro. Lema curso 2024-25 En la escuela SOPE\u00d1A entendemos que el hecho de ser una escuela cristiana no significa ser s\u00f3lo una escuela para cristianos\/as, sino que sea abierta a todo el mundo, independientemente de su confesi\u00f3n religiosa o no creencia, de que trabaje por la solidaridad, la&hellip;\" \/>\n<meta property=\"og:url\" content=\"https:\/\/sopenabarcelona.org\/es\/la-escuela\/contigo-sopena-es-mas\/\" \/>\n<meta property=\"og:site_name\" content=\"Escola Sope\u00f1a Barcelona\" \/>\n<meta property=\"article:modified_time\" content=\"2024-10-29T07:41:12+00:00\" \/>\n<meta property=\"og:image\" content=\"https:\/\/sopenabarcelona.org\/wp-content\/uploads\/2021\/11\/Dolores-Sopena.png\" \/>\n\t<meta property=\"og:image:width\" content=\"300\" \/>\n\t<meta property=\"og:image:height\" content=\"301\" \/>\n\t<meta property=\"og:image:type\" content=\"image\/png\" \/>\n<meta name=\"twitter:card\" content=\"summary_large_image\" \/>\n<meta name=\"twitter:label1\" content=\"Tiempo de lectura\" \/>\n\t<meta name=\"twitter:data1\" content=\"2 minutos\" \/>\n<script type=\"application\/ld+json\" class=\"yoast-schema-graph\">{\"@context\":\"https:\\\/\\\/schema.org\",\"@graph\":[{\"@type\":\"WebPage\",\"@id\":\"https:\\\/\\\/sopenabarcelona.org\\\/es\\\/la-escuela\\\/contigo-sopena-es-mas\\\/\",\"url\":\"https:\\\/\\\/sopenabarcelona.org\\\/es\\\/la-escuela\\\/contigo-sopena-es-mas\\\/\",\"name\":\"Acci\u00f3n social y pastoral - Escola Sope\u00f1a Barcelona\",\"isPartOf\":{\"@id\":\"https:\\\/\\\/sopenabarcelona.org\\\/es\\\/#website\"},\"primaryImageOfPage\":{\"@id\":\"https:\\\/\\\/sopenabarcelona.org\\\/es\\\/la-escuela\\\/contigo-sopena-es-mas\\\/#primaryimage\"},\"image\":{\"@id\":\"https:\\\/\\\/sopenabarcelona.org\\\/es\\\/la-escuela\\\/contigo-sopena-es-mas\\\/#primaryimage\"},\"thumbnailUrl\":\"https:\\\/\\\/sopenabarcelona.org\\\/wp-content\\\/uploads\\\/2021\\\/11\\\/Dolores-Sopena.png\",\"datePublished\":\"2022-10-06T09:53:47+00:00\",\"dateModified\":\"2024-10-29T07:41:12+00:00\",\"breadcrumb\":{\"@id\":\"https:\\\/\\\/sopenabarcelona.org\\\/es\\\/la-escuela\\\/contigo-sopena-es-mas\\\/#breadcrumb\"},\"inLanguage\":\"es\",\"potentialAction\":[{\"@type\":\"ReadAction\",\"target\":[\"https:\\\/\\\/sopenabarcelona.org\\\/es\\\/la-escuela\\\/contigo-sopena-es-mas\\\/\"]}]},{\"@type\":\"ImageObject\",\"inLanguage\":\"es\",\"@id\":\"https:\\\/\\\/sopenabarcelona.org\\\/es\\\/la-escuela\\\/contigo-sopena-es-mas\\\/#primaryimage\",\"url\":\"https:\\\/\\\/sopenabarcelona.org\\\/wp-content\\\/uploads\\\/2021\\\/11\\\/Dolores-Sopena.png\",\"contentUrl\":\"https:\\\/\\\/sopenabarcelona.org\\\/wp-content\\\/uploads\\\/2021\\\/11\\\/Dolores-Sopena.png\",\"width\":300,\"height\":301},{\"@type\":\"BreadcrumbList\",\"@id\":\"https:\\\/\\\/sopenabarcelona.org\\\/es\\\/la-escuela\\\/contigo-sopena-es-mas\\\/#breadcrumb\",\"itemListElement\":[{\"@type\":\"ListItem\",\"position\":1,\"name\":\"Inici\",\"item\":\"https:\\\/\\\/sopenabarcelona.org\\\/es\\\/\"},{\"@type\":\"ListItem\",\"position\":2,\"name\":\"La escuela\",\"item\":\"https:\\\/\\\/sopenabarcelona.org\\\/es\\\/la-nostra-escola\\\/\"},{\"@type\":\"ListItem\",\"position\":3,\"name\":\"Acci\u00f3n social y pastoral\"}]},{\"@type\":\"WebSite\",\"@id\":\"https:\\\/\\\/sopenabarcelona.org\\\/es\\\/#website\",\"url\":\"https:\\\/\\\/sopenabarcelona.org\\\/es\\\/\",\"name\":\"Escola Sope\u00f1a Barcelona\",\"description\":\"Escola d&#039;ESO i Formaci\u00f3 Professional\",\"publisher\":{\"@id\":\"https:\\\/\\\/sopenabarcelona.org\\\/es\\\/#organization\"},\"potentialAction\":[{\"@type\":\"SearchAction\",\"target\":{\"@type\":\"EntryPoint\",\"urlTemplate\":\"https:\\\/\\\/sopenabarcelona.org\\\/es\\\/?s={search_term_string}\"},\"query-input\":{\"@type\":\"PropertyValueSpecification\",\"valueRequired\":true,\"valueName\":\"search_term_string\"}}],\"inLanguage\":\"es\"},{\"@type\":\"Organization\",\"@id\":\"https:\\\/\\\/sopenabarcelona.org\\\/es\\\/#organization\",\"name\":\"Escola Sope\u00f1a Barcelona\",\"url\":\"https:\\\/\\\/sopenabarcelona.org\\\/es\\\/\",\"logo\":{\"@type\":\"ImageObject\",\"inLanguage\":\"es\",\"@id\":\"https:\\\/\\\/sopenabarcelona.org\\\/es\\\/#\\\/schema\\\/logo\\\/image\\\/\",\"url\":\"https:\\\/\\\/sopenabarcelona.org\\\/wp-content\\\/uploads\\\/2022\\\/03\\\/Fundacio-Dolores-Sopena-1-1.png\",\"contentUrl\":\"https:\\\/\\\/sopenabarcelona.org\\\/wp-content\\\/uploads\\\/2022\\\/03\\\/Fundacio-Dolores-Sopena-1-1.png\",\"width\":250,\"height\":93,\"caption\":\"Escola Sope\u00f1a Barcelona\"},\"image\":{\"@id\":\"https:\\\/\\\/sopenabarcelona.org\\\/es\\\/#\\\/schema\\\/logo\\\/image\\\/\"}}]}<\/script>\n<!-- \/ Yoast SEO plugin. -->","yoast_head_json":{"title":"Acci\u00f3n social y pastoral - Escola Sope\u00f1a Barcelona","robots":{"index":"index","follow":"follow","max-snippet":"max-snippet:-1","max-image-preview":"max-image-preview:large","max-video-preview":"max-video-preview:-1"},"canonical":"https:\/\/sopenabarcelona.org\/es\/la-escuela\/contigo-sopena-es-mas\/","og_locale":"es_ES","og_type":"article","og_title":"Acci\u00f3n social y pastoral - Escola Sope\u00f1a Barcelona","og_description":"Acci\u00f3n social y pastoral Sope\u00f1a, lugar de encuentro. Lema curso 2024-25 En la escuela SOPE\u00d1A entendemos que el hecho de ser una escuela cristiana no significa ser s\u00f3lo una escuela para cristianos\/as, sino que sea abierta a todo el mundo, independientemente de su confesi\u00f3n religiosa o no creencia, de que trabaje por la solidaridad, la&hellip;","og_url":"https:\/\/sopenabarcelona.org\/es\/la-escuela\/contigo-sopena-es-mas\/","og_site_name":"Escola Sope\u00f1a Barcelona","article_modified_time":"2024-10-29T07:41:12+00:00","og_image":[{"width":300,"height":301,"url":"https:\/\/sopenabarcelona.org\/wp-content\/uploads\/2021\/11\/Dolores-Sopena.png","type":"image\/png"}],"twitter_card":"summary_large_image","twitter_misc":{"Tiempo de lectura":"2 minutos"},"schema":{"@context":"https:\/\/schema.org","@graph":[{"@type":"WebPage","@id":"https:\/\/sopenabarcelona.org\/es\/la-escuela\/contigo-sopena-es-mas\/","url":"https:\/\/sopenabarcelona.org\/es\/la-escuela\/contigo-sopena-es-mas\/","name":"Acci\u00f3n social y pastoral - Escola Sope\u00f1a Barcelona","isPartOf":{"@id":"https:\/\/sopenabarcelona.org\/es\/#website"},"primaryImageOfPage":{"@id":"https:\/\/sopenabarcelona.org\/es\/la-escuela\/contigo-sopena-es-mas\/#primaryimage"},"image":{"@id":"https:\/\/sopenabarcelona.org\/es\/la-escuela\/contigo-sopena-es-mas\/#primaryimage"},"thumbnailUrl":"https:\/\/sopenabarcelona.org\/wp-content\/uploads\/2021\/11\/Dolores-Sopena.png","datePublished":"2022-10-06T09:53:47+00:00","dateModified":"2024-10-29T07:41:12+00:00","breadcrumb":{"@id":"https:\/\/sopenabarcelona.org\/es\/la-escuela\/contigo-sopena-es-mas\/#breadcrumb"},"inLanguage":"es","potentialAction":[{"@type":"ReadAction","target":["https:\/\/sopenabarcelona.org\/es\/la-escuela\/contigo-sopena-es-mas\/"]}]},{"@type":"ImageObject","inLanguage":"es","@id":"https:\/\/sopenabarcelona.org\/es\/la-escuela\/contigo-sopena-es-mas\/#primaryimage","url":"https:\/\/sopenabarcelona.org\/wp-content\/uploads\/2021\/11\/Dolores-Sopena.png","contentUrl":"https:\/\/sopenabarcelona.org\/wp-content\/uploads\/2021\/11\/Dolores-Sopena.png","width":300,"height":301},{"@type":"BreadcrumbList","@id":"https:\/\/sopenabarcelona.org\/es\/la-escuela\/contigo-sopena-es-mas\/#breadcrumb","itemListElement":[{"@type":"ListItem","position":1,"name":"Inici","item":"https:\/\/sopenabarcelona.org\/es\/"},{"@type":"ListItem","position":2,"name":"La escuela","item":"https:\/\/sopenabarcelona.org\/es\/la-nostra-escola\/"},{"@type":"ListItem","position":3,"name":"Acci\u00f3n social y pastoral"}]},{"@type":"WebSite","@id":"https:\/\/sopenabarcelona.org\/es\/#website","url":"https:\/\/sopenabarcelona.org\/es\/","name":"Escola Sope\u00f1a Barcelona","description":"Escola d&#039;ESO i Formaci\u00f3 Professional","publisher":{"@id":"https:\/\/sopenabarcelona.org\/es\/#organization"},"potentialAction":[{"@type":"SearchAction","target":{"@type":"EntryPoint","urlTemplate":"https:\/\/sopenabarcelona.org\/es\/?s={search_term_string}"},"query-input":{"@type":"PropertyValueSpecification","valueRequired":true,"valueName":"search_term_string"}}],"inLanguage":"es"},{"@type":"Organization","@id":"https:\/\/sopenabarcelona.org\/es\/#organization","name":"Escola Sope\u00f1a Barcelona","url":"https:\/\/sopenabarcelona.org\/es\/","logo":{"@type":"ImageObject","inLanguage":"es","@id":"https:\/\/sopenabarcelona.org\/es\/#\/schema\/logo\/image\/","url":"https:\/\/sopenabarcelona.org\/wp-content\/uploads\/2022\/03\/Fundacio-Dolores-Sopena-1-1.png","contentUrl":"https:\/\/sopenabarcelona.org\/wp-content\/uploads\/2022\/03\/Fundacio-Dolores-Sopena-1-1.png","width":250,"height":93,"caption":"Escola Sope\u00f1a Barcelona"},"image":{"@id":"https:\/\/sopenabarcelona.org\/es\/#\/schema\/logo\/image\/"}}]}},"_links":{"self":[{"href":"https:\/\/sopenabarcelona.org\/es\/wp-json\/wp\/v2\/pages\/11301","targetHints":{"allow":["GET"]}}],"collection":[{"href":"https:\/\/sopenabarcelona.org\/es\/wp-json\/wp\/v2\/pages"}],"about":[{"href":"https:\/\/sopenabarcelona.org\/es\/wp-json\/wp\/v2\/types\/page"}],"author":[{"embeddable":true,"href":"https:\/\/sopenabarcelona.org\/es\/wp-json\/wp\/v2\/users\/1"}],"replies":[{"embeddable":true,"href":"https:\/\/sopenabarcelona.org\/es\/wp-json\/wp\/v2\/comments?post=11301"}],"version-history":[{"count":26,"href":"https:\/\/sopenabarcelona.org\/es\/wp-json\/wp\/v2\/pages\/11301\/revisions"}],"predecessor-version":[{"id":21527,"href":"https:\/\/sopenabarcelona.org\/es\/wp-json\/wp\/v2\/pages\/11301\/revisions\/21527"}],"up":[{"embeddable":true,"href":"https:\/\/sopenabarcelona.org\/es\/wp-json\/wp\/v2\/pages\/11299"}],"wp:featuredmedia":[{"embeddable":true,"href":"https:\/\/sopenabarcelona.org\/es\/wp-json\/wp\/v2\/media\/10418"}],"wp:attachment":[{"href":"https:\/\/sopenabarcelona.org\/es\/wp-json\/wp\/v2\/media?parent=11301"}],"curies":[{"name":"wp","href":"https:\/\/api.w.org\/{rel}","templated":true}]}}