{"id":11379,"date":"2022-05-20T14:04:37","date_gmt":"2022-05-20T14:04:37","guid":{"rendered":"https:\/\/sopenabarcelona.org\/secretaria\/preinscripcion-y-matricula\/"},"modified":"2026-04-09T15:13:50","modified_gmt":"2026-04-09T15:13:50","slug":"preinscripcion-y-matricula","status":"publish","type":"page","link":"https:\/\/sopenabarcelona.org\/es\/secretaria\/preinscripcion-y-matricula\/","title":{"rendered":"Preinscripci\u00f3n y matr\u00edcula"},"content":{"rendered":"\t\t<div data-elementor-type=\"wp-page\" data-elementor-id=\"11379\" class=\"elementor elementor-11379 elementor-7157\" data-elementor-post-type=\"page\">\n\t\t\t\t\t\t<section class=\"elementor-section elementor-top-section elementor-element elementor-element-60ccef7b elementor-section-boxed elementor-section-height-default elementor-section-height-default\" data-id=\"60ccef7b\" data-element_type=\"section\" data-e-type=\"section\" data-settings=\"{&quot;background_background&quot;:&quot;classic&quot;,&quot;shape_divider_bottom&quot;:&quot;mountains&quot;}\">\n\t\t\t\t\t<div class=\"elementor-shape elementor-shape-bottom\" aria-hidden=\"true\" data-negative=\"false\">\n\t\t\t<svg xmlns=\"http:\/\/www.w3.org\/2000\/svg\" viewBox=\"0 0 1000 100\" preserveAspectRatio=\"none\">\n\t<path class=\"elementor-shape-fill\" opacity=\"0.33\" d=\"M473,67.3c-203.9,88.3-263.1-34-320.3,0C66,119.1,0,59.7,0,59.7V0h1000v59.7 c0,0-62.1,26.1-94.9,29.3c-32.8,3.3-62.8-12.3-75.8-22.1C806,49.6,745.3,8.7,694.9,4.7S492.4,59,473,67.3z\"\/>\n\t<path class=\"elementor-shape-fill\" opacity=\"0.66\" d=\"M734,67.3c-45.5,0-77.2-23.2-129.1-39.1c-28.6-8.7-150.3-10.1-254,39.1 s-91.7-34.4-149.2,0C115.7,118.3,0,39.8,0,39.8V0h1000v36.5c0,0-28.2-18.5-92.1-18.5C810.2,18.1,775.7,67.3,734,67.3z\"\/>\n\t<path class=\"elementor-shape-fill\" d=\"M766.1,28.9c-200-57.5-266,65.5-395.1,19.5C242,1.8,242,5.4,184.8,20.6C128,35.8,132.3,44.9,89.9,52.5C28.6,63.7,0,0,0,0 h1000c0,0-9.9,40.9-83.6,48.1S829.6,47,766.1,28.9z\"\/>\n<\/svg>\t\t<\/div>\n\t\t\t\t\t<div class=\"elementor-container elementor-column-gap-wider\">\n\t\t\t\t\t<div class=\"elementor-column elementor-col-100 elementor-top-column elementor-element elementor-element-c8c9b45\" data-id=\"c8c9b45\" data-element_type=\"column\" data-e-type=\"column\">\n\t\t\t<div class=\"elementor-widget-wrap elementor-element-populated\">\n\t\t\t\t\t\t<div class=\"elementor-element elementor-element-1b38ef10 elementor-widget elementor-widget-heading\" data-id=\"1b38ef10\" data-element_type=\"widget\" data-e-type=\"widget\" data-widget_type=\"heading.default\">\n\t\t\t\t<div class=\"elementor-widget-container\">\n\t\t\t\t\t<h2 class=\"elementor-heading-title elementor-size-default\">Preinscripci\u00f3n y matr\u00edcula<\/h2>\t\t\t\t<\/div>\n\t\t\t\t<\/div>\n\t\t\t\t<div class=\"elementor-element elementor-element-4bb98c3 elementor-widget elementor-widget-heading\" data-id=\"4bb98c3\" data-element_type=\"widget\" data-e-type=\"widget\" data-widget_type=\"heading.default\">\n\t\t\t\t<div class=\"elementor-widget-container\">\n\t\t\t\t\t<h4 class=\"elementor-heading-title elementor-size-medium\">Fechas 2026\/2027<\/h4>\t\t\t\t<\/div>\n\t\t\t\t<\/div>\n\t\t\t\t\t<\/div>\n\t\t<\/div>\n\t\t\t\t\t<\/div>\n\t\t<\/section>\n\t\t\t\t<section class=\"elementor-section elementor-top-section elementor-element elementor-element-d59a966 elementor-section-boxed elementor-section-height-default elementor-section-height-default\" data-id=\"d59a966\" data-element_type=\"section\" data-e-type=\"section\">\n\t\t\t\t\t\t<div class=\"elementor-container elementor-column-gap-wider\">\n\t\t\t\t\t<div class=\"elementor-column elementor-col-25 elementor-top-column elementor-element elementor-element-016581f\" data-id=\"016581f\" data-element_type=\"column\" data-e-type=\"column\">\n\t\t\t<div class=\"elementor-widget-wrap elementor-element-populated\">\n\t\t\t\t\t\t<div class=\"elementor-element elementor-element-c61b26f elementor-flip-box--effect-flip elementor-flip-box--direction-up elementor-widget elementor-widget-flip-box\" data-id=\"c61b26f\" data-element_type=\"widget\" data-e-type=\"widget\" data-widget_type=\"flip-box.default\">\n\t\t\t\t<div class=\"elementor-widget-container\">\n\t\t\t\t\t\t\t<div class=\"elementor-flip-box\" tabindex=\"0\">\n\t\t\t<div class=\"elementor-flip-box__layer elementor-flip-box__front\">\n\t\t\t\t<div class=\"elementor-flip-box__layer__overlay\">\n\t\t\t\t\t<div class=\"elementor-flip-box__layer__inner\">\n\t\t\t\t\t\t\n\t\t\t\t\t\t\t\t\t\t\t\t\t<h3 class=\"elementor-flip-box__layer__title\">\n\t\t\t\t\t\t\t\tESO\t\t\t\t\t\t\t<\/h3>\n\t\t\t\t\t\t\n\t\t\t\t\t\t\t\t\t\t\t<\/div>\n\t\t\t\t<\/div>\n\t\t\t<\/div>\n\t\t\t<div class=\"elementor-flip-box__layer elementor-flip-box__back\">\n\t\t\t<div class=\"elementor-flip-box__layer__overlay\">\n\t\t\t\t<div class=\"elementor-flip-box__layer__inner\">\n\t\t\t\t\t\n\t\t\t\t\t\t\t\t\t\t\t<div class=\"elementor-flip-box__layer__description\">\n\t\t\t\t\t\t\tPREINSCRIPCI\u00d3N 06- 18 Marzo 2026\nMATR\u00cdCULACI\u00d3:   22- 30 Junio 2026\t\t\t\t\t\t<\/div>\n\t\t\t\t\t\n\t\t\t\t\t\t\t\t\t\t\t<a class=\"elementor-flip-box__button elementor-button elementor-size-xs\" href=\"https:\/\/sopenabarcelona.org\/es\/secretaria\/preinscripcion-y-matricula\/eso\/\">\n\t\t\t\t\t\t\tM\u00e1s informaci\u00f3n\t\t\t\t\t\t<\/a>\n\t\t\t\t\t\t\t\t<\/div>\n\t\t<\/div>\n\t\t<\/div>\n\t\t<\/div>\n\t\t\t\t\t\t<\/div>\n\t\t\t\t<\/div>\n\t\t\t\t\t<\/div>\n\t\t<\/div>\n\t\t\t\t<div class=\"elementor-column elementor-col-25 elementor-top-column elementor-element elementor-element-ce8a57c\" data-id=\"ce8a57c\" data-element_type=\"column\" data-e-type=\"column\">\n\t\t\t<div class=\"elementor-widget-wrap elementor-element-populated\">\n\t\t\t\t\t\t<div class=\"elementor-element elementor-element-48a45d2 elementor-widget__width-initial elementor-flip-box--effect-flip elementor-flip-box--direction-up elementor-widget elementor-widget-flip-box\" data-id=\"48a45d2\" data-element_type=\"widget\" data-e-type=\"widget\" data-widget_type=\"flip-box.default\">\n\t\t\t\t<div class=\"elementor-widget-container\">\n\t\t\t\t\t\t\t<div class=\"elementor-flip-box\" tabindex=\"0\">\n\t\t\t<div class=\"elementor-flip-box__layer elementor-flip-box__front\">\n\t\t\t\t<div class=\"elementor-flip-box__layer__overlay\">\n\t\t\t\t\t<div class=\"elementor-flip-box__layer__inner\">\n\t\t\t\t\t\t\n\t\t\t\t\t\t\t\t\t\t\t\t\t<h3 class=\"elementor-flip-box__layer__title\">\n\t\t\t\t\t\t\t\tCICLOS FORMATIVOS DE GRADO MEDIO\t\t\t\t\t\t\t<\/h3>\n\t\t\t\t\t\t\n\t\t\t\t\t\t\t\t\t\t\t<\/div>\n\t\t\t\t<\/div>\n\t\t\t<\/div>\n\t\t\t<div class=\"elementor-flip-box__layer elementor-flip-box__back\">\n\t\t\t<div class=\"elementor-flip-box__layer__overlay\">\n\t\t\t\t<div class=\"elementor-flip-box__layer__inner\">\n\t\t\t\t\t\n\t\t\t\t\t\t\t\t\t\t\t<div class=\"elementor-flip-box__layer__description\">\n\t\t\t\t\t\t\tPREINSCRIPCI\u00d3N: 26 mayo - 1 junio   \n\nMATRICULA 2026:    \n1Tanda: 10-16 \/07\n2Tanda: 01-03 \/09\t\t\t\t\t\t<\/div>\n\t\t\t\t\t\n\t\t\t\t\t\t\t\t\t\t\t<a class=\"elementor-flip-box__button elementor-button elementor-size-xs\" href=\"https:\/\/sopenabarcelona.org\/es\/secretaria\/preinscripcion-y-matricula\/ciclos-grado-medio\/\">\n\t\t\t\t\t\t\tM\u00e1s informaci\u00f3n\t\t\t\t\t\t<\/a>\n\t\t\t\t\t\t\t\t<\/div>\n\t\t<\/div>\n\t\t<\/div>\n\t\t<\/div>\n\t\t\t\t\t\t<\/div>\n\t\t\t\t<\/div>\n\t\t\t\t\t<\/div>\n\t\t<\/div>\n\t\t\t\t<div class=\"elementor-column elementor-col-25 elementor-top-column elementor-element elementor-element-46393fe\" data-id=\"46393fe\" data-element_type=\"column\" data-e-type=\"column\">\n\t\t\t<div class=\"elementor-widget-wrap elementor-element-populated\">\n\t\t\t\t\t\t<div class=\"elementor-element elementor-element-b9d8aa9 elementor-widget__width-initial elementor-flip-box--effect-flip elementor-flip-box--direction-up elementor-widget elementor-widget-flip-box\" data-id=\"b9d8aa9\" data-element_type=\"widget\" data-e-type=\"widget\" data-widget_type=\"flip-box.default\">\n\t\t\t\t<div class=\"elementor-widget-container\">\n\t\t\t\t\t\t\t<div class=\"elementor-flip-box\" tabindex=\"0\">\n\t\t\t<div class=\"elementor-flip-box__layer elementor-flip-box__front\">\n\t\t\t\t<div class=\"elementor-flip-box__layer__overlay\">\n\t\t\t\t\t<div class=\"elementor-flip-box__layer__inner\">\n\t\t\t\t\t\t\n\t\t\t\t\t\t\t\t\t\t\t\t\t<h3 class=\"elementor-flip-box__layer__title\">\n\t\t\t\t\t\t\t\tCICLOS FORMATIVOS DE GRADO SUPERIOR\t\t\t\t\t\t\t<\/h3>\n\t\t\t\t\t\t\n\t\t\t\t\t\t\t\t\t\t\t<\/div>\n\t\t\t\t<\/div>\n\t\t\t<\/div>\n\t\t\t<div class=\"elementor-flip-box__layer elementor-flip-box__back\">\n\t\t\t<div class=\"elementor-flip-box__layer__overlay\">\n\t\t\t\t<div class=\"elementor-flip-box__layer__inner\">\n\t\t\t\t\t\n\t\t\t\t\t\t\t\t\t\t\t<div class=\"elementor-flip-box__layer__description\">\n\t\t\t\t\t\t\tPREINSCRIPCI\u00d3N: 26 mayo - 1 junio   \n\nMATRICULA 2026:    \n1Tanda: 10-16 \/07\n2Tanda: 01-03 \/09\t\t\t\t\t\t<\/div>\n\t\t\t\t\t\n\t\t\t\t\t\t\t\t\t\t\t<a class=\"elementor-flip-box__button elementor-button elementor-size-xs\" href=\"https:\/\/sopenabarcelona.org\/es\/secretaria\/preinscripcion-y-matricula\/ciclos-grado-superior\/\">\n\t\t\t\t\t\t\tM\u00e1s informaci\u00f3n\t\t\t\t\t\t<\/a>\n\t\t\t\t\t\t\t\t<\/div>\n\t\t<\/div>\n\t\t<\/div>\n\t\t<\/div>\n\t\t\t\t\t\t<\/div>\n\t\t\t\t<\/div>\n\t\t\t\t\t<\/div>\n\t\t<\/div>\n\t\t\t\t<div class=\"elementor-column elementor-col-25 elementor-top-column elementor-element elementor-element-7b08cc9\" data-id=\"7b08cc9\" data-element_type=\"column\" data-e-type=\"column\">\n\t\t\t<div class=\"elementor-widget-wrap elementor-element-populated\">\n\t\t\t\t\t\t<div class=\"elementor-element elementor-element-55db1c6 elementor-flip-box--effect-flip elementor-flip-box--direction-up elementor-widget elementor-widget-flip-box\" data-id=\"55db1c6\" data-element_type=\"widget\" data-e-type=\"widget\" data-widget_type=\"flip-box.default\">\n\t\t\t\t<div class=\"elementor-widget-container\">\n\t\t\t\t\t\t\t<div class=\"elementor-flip-box\" tabindex=\"0\">\n\t\t\t<div class=\"elementor-flip-box__layer elementor-flip-box__front\">\n\t\t\t\t<div class=\"elementor-flip-box__layer__overlay\">\n\t\t\t\t\t<div class=\"elementor-flip-box__layer__inner\">\n\t\t\t\t\t\t\n\t\t\t\t\t\t\t\t\t\t\t\t\t<h3 class=\"elementor-flip-box__layer__title\">\n\t\t\t\t\t\t\t\tALUMNADO DE LA ESCUELA\t\t\t\t\t\t\t<\/h3>\n\t\t\t\t\t\t\n\t\t\t\t\t\t\t\t\t\t\t<\/div>\n\t\t\t\t<\/div>\n\t\t\t<\/div>\n\t\t\t<div class=\"elementor-flip-box__layer elementor-flip-box__back\">\n\t\t\t<div class=\"elementor-flip-box__layer__overlay\">\n\t\t\t\t<div class=\"elementor-flip-box__layer__inner\">\n\t\t\t\t\t\n\t\t\t\t\t\t\t\t\t\t\t<div class=\"elementor-flip-box__layer__description\">\n\t\t\t\t\t\t\tRenovaci\u00f3n de matr\u00edcula del alumnado de la Escuela\t\t\t\t\t\t<\/div>\n\t\t\t\t\t\n\t\t\t\t\t\t\t\t\t\t\t<a class=\"elementor-flip-box__button elementor-button elementor-size-xs\" href=\"https:\/\/sopenabarcelona.org\/es\/secretaria\/preinscripcion-y-matricula\/alumnado-de-la-escuela\/\">\n\t\t\t\t\t\t\tM\u00e1s informaci\u00f3n\t\t\t\t\t\t<\/a>\n\t\t\t\t\t\t\t\t<\/div>\n\t\t<\/div>\n\t\t<\/div>\n\t\t<\/div>\n\t\t\t\t\t\t<\/div>\n\t\t\t\t<\/div>\n\t\t\t\t\t<\/div>\n\t\t<\/div>\n\t\t\t\t\t<\/div>\n\t\t<\/section>\n\t\t\t\t<section class=\"elementor-section elementor-top-section elementor-element elementor-element-a3efa6e elementor-section-content-middle elementor-section-boxed elementor-section-height-default elementor-section-height-default\" data-id=\"a3efa6e\" data-element_type=\"section\" data-e-type=\"section\">\n\t\t\t\t\t\t<div class=\"elementor-container elementor-column-gap-wider\">\n\t\t\t\t\t<div class=\"elementor-column elementor-col-50 elementor-top-column elementor-element elementor-element-8620f17\" data-id=\"8620f17\" data-element_type=\"column\" data-e-type=\"column\">\n\t\t\t<div class=\"elementor-widget-wrap elementor-element-populated\">\n\t\t\t\t\t\t<div class=\"elementor-element elementor-element-76bba53 icon-position-top content-align-left icon-box-vertical-align-top icon-vertical-align-start elementor-widget elementor-widget-the7_icon_box_widget\" data-id=\"76bba53\" data-element_type=\"widget\" data-e-type=\"widget\" data-widget_type=\"the7_icon_box_widget.default\">\n\t\t\t\t<div class=\"elementor-widget-container\">\n\t\t\t\t\t\n\t\t<div class=\"the7-box-wrapper the7-elementor-widget the7_icon_box_widget-76bba53\">\t\t\t<div class=\"box-content-wrapper\">\n\t\t\t\t\t\t\t\t\t<a class=\"elementor-icon-div\" >\t\t\t\t\t\t<div class=\"elementor-icon\">\n\t\t\t\t\t\t\t<i aria-hidden=\"true\" class=\"far fa-comments\"><\/i>\t\t\t\t\t\t<\/div>\n\t\t\t\t\t<\/a>\t\t\t\t\t\t\t\t<div class=\"box-content\">\n\t\t\t\t\t\t\t\t\t\t\t\t\t\t\t\t\t<h4 class=\"box-heading\">\n\t\t\t\t\t\t\t<a >\t\t\t\t\t\t\t\tContacto\t\t\t\t\t\t\t<\/a>\t\t\t\t\t\t<\/h4>\n\t\t\t\t\t\t\t\t\t\t\n\t\t\t\t\t\n\t\t\t\t<\/div>\n\t\t\t<\/div>\n\t\t<\/div>\t\t\t\t\t<\/div>\n\t\t\t\t<\/div>\n\t\t\t\t<div class=\"elementor-element elementor-element-69937d3 elementor-widget elementor-widget-spacer\" data-id=\"69937d3\" data-element_type=\"widget\" data-e-type=\"widget\" data-widget_type=\"spacer.default\">\n\t\t\t\t<div class=\"elementor-widget-container\">\n\t\t\t\t\t\t\t<div class=\"elementor-spacer\">\n\t\t\t<div class=\"elementor-spacer-inner\"><\/div>\n\t\t<\/div>\n\t\t\t\t\t\t<\/div>\n\t\t\t\t<\/div>\n\t\t\t\t<div class=\"elementor-element elementor-element-8bb7eb2 content-align-left icon-box-vertical-align-top icon-position-left icon-vertical-align-start elementor-widget elementor-widget-the7_icon_box_widget\" data-id=\"8bb7eb2\" data-element_type=\"widget\" data-e-type=\"widget\" data-widget_type=\"the7_icon_box_widget.default\">\n\t\t\t\t<div class=\"elementor-widget-container\">\n\t\t\t\t\t\n\t\t<div class=\"the7-box-wrapper the7-elementor-widget the7_icon_box_widget-8bb7eb2\">\t\t\t<div class=\"box-content-wrapper\">\n\t\t\t\t\t\t\t\t\t<a class=\"elementor-icon-div\" >\t\t\t\t\t\t<div class=\"elementor-icon\">\n\t\t\t\t\t\t\t<i aria-hidden=\"true\" class=\" icomoon-the7-font-the7-phone-05\"><\/i>\t\t\t\t\t\t<\/div>\n\t\t\t\t\t<\/a>\t\t\t\t\t\t\t\t<div class=\"box-content\">\n\t\t\t\t\t\t\t\t\t\t\t\t\t\t\t\t\t<h4 class=\"box-heading\">\n\t\t\t\t\t\t\t<a >\t\t\t\t\t\t\t\tTel\u00e9fono\t\t\t\t\t\t\t<\/a>\t\t\t\t\t\t<\/h4>\n\t\t\t\t\t\t\t\t\t\t\t\t\t\t\t\t<div class=\"box-description\"><p>+34 93 339 05 44<\/p><\/div>\n\t\t\t\t\t\n\t\t\t\t\t\n\t\t\t\t<\/div>\n\t\t\t<\/div>\n\t\t<\/div>\t\t\t\t\t<\/div>\n\t\t\t\t<\/div>\n\t\t\t\t<div class=\"elementor-element elementor-element-16aa300 elementor-widget elementor-widget-spacer\" data-id=\"16aa300\" data-element_type=\"widget\" data-e-type=\"widget\" data-widget_type=\"spacer.default\">\n\t\t\t\t<div class=\"elementor-widget-container\">\n\t\t\t\t\t\t\t<div class=\"elementor-spacer\">\n\t\t\t<div class=\"elementor-spacer-inner\"><\/div>\n\t\t<\/div>\n\t\t\t\t\t\t<\/div>\n\t\t\t\t<\/div>\n\t\t\t\t<div class=\"elementor-element elementor-element-f9ea9f1 content-align-left icon-box-vertical-align-top icon-position-left icon-vertical-align-start elementor-widget elementor-widget-the7_icon_box_widget\" data-id=\"f9ea9f1\" data-element_type=\"widget\" data-e-type=\"widget\" data-widget_type=\"the7_icon_box_widget.default\">\n\t\t\t\t<div class=\"elementor-widget-container\">\n\t\t\t\t\t\n\t\t<div class=\"the7-box-wrapper the7-elementor-widget the7_icon_box_widget-f9ea9f1\">\t\t\t<div class=\"box-content-wrapper\">\n\t\t\t\t\t\t\t\t\t<a class=\"elementor-icon-div\" >\t\t\t\t\t\t<div class=\"elementor-icon\">\n\t\t\t\t\t\t\t<i aria-hidden=\"true\" class=\"fas fa-envelope\"><\/i>\t\t\t\t\t\t<\/div>\n\t\t\t\t\t<\/a>\t\t\t\t\t\t\t\t<div class=\"box-content\">\n\t\t\t\t\t\t\t\t\t\t\t\t\t\t\t\t\t<h4 class=\"box-heading\">\n\t\t\t\t\t\t\t<a >\t\t\t\t\t\t\t\tE-mail\t\t\t\t\t\t\t<\/a>\t\t\t\t\t\t<\/h4>\n\t\t\t\t\t\t\t\t\t\t\t\t\t\t\t\t<div class=\"box-description\"><p>info@sopenabarcelona.org<\/p><p>bcn.secretaria@sopenabarcelona.org<\/p><\/div>\n\t\t\t\t\t\n\t\t\t\t\t\n\t\t\t\t<\/div>\n\t\t\t<\/div>\n\t\t<\/div>\t\t\t\t\t<\/div>\n\t\t\t\t<\/div>\n\t\t\t\t<div class=\"elementor-element elementor-element-5a36796 elementor-widget elementor-widget-spacer\" data-id=\"5a36796\" data-element_type=\"widget\" data-e-type=\"widget\" data-widget_type=\"spacer.default\">\n\t\t\t\t<div class=\"elementor-widget-container\">\n\t\t\t\t\t\t\t<div class=\"elementor-spacer\">\n\t\t\t<div class=\"elementor-spacer-inner\"><\/div>\n\t\t<\/div>\n\t\t\t\t\t\t<\/div>\n\t\t\t\t<\/div>\n\t\t\t\t\t<\/div>\n\t\t<\/div>\n\t\t\t\t<div class=\"elementor-column elementor-col-50 elementor-top-column elementor-element elementor-element-68564aa\" data-id=\"68564aa\" data-element_type=\"column\" data-e-type=\"column\">\n\t\t\t<div class=\"elementor-widget-wrap elementor-element-populated\">\n\t\t\t\t\t\t<div class=\"elementor-element elementor-element-51c4109 elementor-widget elementor-widget-heading\" data-id=\"51c4109\" data-element_type=\"widget\" data-e-type=\"widget\" data-widget_type=\"heading.default\">\n\t\t\t\t<div class=\"elementor-widget-container\">\n\t\t\t\t\t<h3 class=\"elementor-heading-title elementor-size-default\">Contacta con nosotros<\/h3>\t\t\t\t<\/div>\n\t\t\t\t<\/div>\n\t\t\t\t<div class=\"elementor-element elementor-element-7ee303e elementor-widget elementor-widget-spacer\" data-id=\"7ee303e\" data-element_type=\"widget\" data-e-type=\"widget\" data-widget_type=\"spacer.default\">\n\t\t\t\t<div class=\"elementor-widget-container\">\n\t\t\t\t\t\t\t<div class=\"elementor-spacer\">\n\t\t\t<div class=\"elementor-spacer-inner\"><\/div>\n\t\t<\/div>\n\t\t\t\t\t\t<\/div>\n\t\t\t\t<\/div>\n\t\t\t\t<div class=\"elementor-element elementor-element-abfa098 elementor-widget elementor-widget-text-editor\" data-id=\"abfa098\" data-element_type=\"widget\" data-e-type=\"widget\" data-widget_type=\"text-editor.default\">\n\t\t\t\t<div class=\"elementor-widget-container\">\n\t\t\t\t\t\t\t\t\t<p>Si quieres m\u00e1s informaci\u00f3n, rellena este formulario. Contactaremos contigo lo antes posible.<br \/>Por favor, rellena <b>los campos solicitados<\/b>.<\/p>\n\t\t\t\t\t\t\t\t<\/div>\n\t\t\t\t<\/div>\n\t\t\t\t<div class=\"elementor-element elementor-element-610fbc6 elementor-widget elementor-widget-spacer\" data-id=\"610fbc6\" data-element_type=\"widget\" data-e-type=\"widget\" data-widget_type=\"spacer.default\">\n\t\t\t\t<div class=\"elementor-widget-container\">\n\t\t\t\t\t\t\t<div class=\"elementor-spacer\">\n\t\t\t<div class=\"elementor-spacer-inner\"><\/div>\n\t\t<\/div>\n\t\t\t\t\t\t<\/div>\n\t\t\t\t<\/div>\n\t\t\t\t<div class=\"elementor-element elementor-element-54cdad1 elementor-button-align-stretch elementor-widget elementor-widget-form\" data-id=\"54cdad1\" data-element_type=\"widget\" data-e-type=\"widget\" data-settings=\"{&quot;step_next_label&quot;:&quot;Next&quot;,&quot;step_previous_label&quot;:&quot;Previous&quot;,&quot;step_type&quot;:&quot;number_text&quot;,&quot;step_icon_shape&quot;:&quot;circle&quot;}\" data-widget_type=\"form.default\">\n\t\t\t\t<div class=\"elementor-widget-container\">\n\t\t\t\t\t\t\t<form class=\"elementor-form\" method=\"post\" name=\"Contacto\" aria-label=\"Contacto\">\n\t\t\t<input type=\"hidden\" name=\"post_id\" value=\"11379\"\/>\n\t\t\t<input type=\"hidden\" name=\"form_id\" value=\"54cdad1\"\/>\n\t\t\t<input type=\"hidden\" name=\"referer_title\" value=\"Escola Sope\u00f1a Barcelona\" \/>\n\n\t\t\t\n\t\t\t<div class=\"elementor-form-fields-wrapper elementor-labels-above\">\n\t\t\t\t\t\t\t\t<div class=\"elementor-field-type-text elementor-field-group elementor-column elementor-field-group-name elementor-col-100\">\n\t\t\t\t\t\t\t\t\t\t\t\t<label for=\"form-field-name\" class=\"elementor-field-label\">\n\t\t\t\t\t\t\t\tNombre\t\t\t\t\t\t\t<\/label>\n\t\t\t\t\t\t\t\t\t\t\t\t\t\t<input size=\"1\" type=\"text\" name=\"form_fields[name]\" id=\"form-field-name\" class=\"elementor-field elementor-size-sm  elementor-field-textual\" placeholder=\"Nombre del alumno\">\n\t\t\t\t\t\t\t\t\t\t\t<\/div>\n\t\t\t\t\t\t\t\t<div class=\"elementor-field-type-email elementor-field-group elementor-column elementor-field-group-email elementor-col-100 elementor-field-required\">\n\t\t\t\t\t\t\t\t\t\t\t\t<label for=\"form-field-email\" class=\"elementor-field-label\">\n\t\t\t\t\t\t\t\tE-mail\t\t\t\t\t\t\t<\/label>\n\t\t\t\t\t\t\t\t\t\t\t\t\t\t<input size=\"1\" type=\"email\" name=\"form_fields[email]\" id=\"form-field-email\" class=\"elementor-field elementor-size-sm  elementor-field-textual\" placeholder=\"Correo electr\u00f3nico de contacto\" required=\"required\">\n\t\t\t\t\t\t\t\t\t\t\t<\/div>\n\t\t\t\t\t\t\t\t<div class=\"elementor-field-type-tel elementor-field-group elementor-column elementor-field-group-field_5bc19a0 elementor-col-100\">\n\t\t\t\t\t\t\t\t\t\t\t\t<label for=\"form-field-field_5bc19a0\" class=\"elementor-field-label\">\n\t\t\t\t\t\t\t\tTel\u00e9fono\t\t\t\t\t\t\t<\/label>\n\t\t\t\t\t\t\t\t<input size=\"1\" type=\"tel\" name=\"form_fields[field_5bc19a0]\" id=\"form-field-field_5bc19a0\" class=\"elementor-field elementor-size-sm  elementor-field-textual\" placeholder=\"Tel\u00e9fono de contacto\" pattern=\"[0-9()#&amp;+*-=.]+\" title=\"Only numbers and phone characters (#, -, *, etc) are accepted.\">\n\n\t\t\t\t\t\t<\/div>\n\t\t\t\t\t\t\t\t<div class=\"elementor-field-type-select elementor-field-group elementor-column elementor-field-group-field_559d0c3 elementor-col-100\">\n\t\t\t\t\t\t\t\t\t\t\t\t<label for=\"form-field-field_559d0c3\" class=\"elementor-field-label\">\n\t\t\t\t\t\t\t\tTipo de estudios\t\t\t\t\t\t\t<\/label>\n\t\t\t\t\t\t\t\t<div class=\"elementor-field elementor-select-wrapper remove-before \">\n\t\t\t<div class=\"select-caret-down-wrapper\">\n\t\t\t\t<i aria-hidden=\"true\" class=\"eicon-caret-down\"><\/i>\t\t\t<\/div>\n\t\t\t<select name=\"form_fields[field_559d0c3]\" id=\"form-field-field_559d0c3\" class=\"elementor-field-textual elementor-size-sm\">\n\t\t\t\t\t\t\t\t\t<option value=\"Selecciona\">Selecciona<\/option>\n\t\t\t\t\t\t\t\t\t<option value=\"ESO\">ESO<\/option>\n\t\t\t\t\t\t\t\t\t<option value=\"Ciclo Formativo GM Cuidados auxiliares de enfermer\u00eda\">Ciclo Formativo GM Cuidados auxiliares de enfermer\u00eda<\/option>\n\t\t\t\t\t\t\t\t\t<option value=\"Ciclo Formativo GM Emergencias sanitarias\">Ciclo Formativo GM Emergencias sanitarias<\/option>\n\t\t\t\t\t\t\t\t\t<option value=\"Ciclo Formativo GM Peluquer\u00eda y cosm\u00e9tica capilar\">Ciclo Formativo GM Peluquer\u00eda y cosm\u00e9tica capilar<\/option>\n\t\t\t\t\t\t\t\t\t<option value=\"Ciclo Formativo GM Integraci\u00f3n social\">Ciclo Formativo GM Integraci\u00f3n social<\/option>\n\t\t\t\t\t\t\t\t\t<option value=\"Ciclo Formativo GM Documentaci\u00f3n y administraci\u00f3n sanitarias\">Ciclo Formativo GM Documentaci\u00f3n y administraci\u00f3n sanitarias<\/option>\n\t\t\t\t\t\t\t<\/select>\n\t\t<\/div>\n\t\t\t\t\t\t<\/div>\n\t\t\t\t\t\t\t\t<div class=\"elementor-field-type-textarea elementor-field-group elementor-column elementor-field-group-message elementor-col-100\">\n\t\t\t\t\t\t\t\t\t\t\t\t<label for=\"form-field-message\" class=\"elementor-field-label\">\n\t\t\t\t\t\t\t\tComentarios\t\t\t\t\t\t\t<\/label>\n\t\t\t\t\t\t<textarea class=\"elementor-field-textual elementor-field  elementor-size-sm\" name=\"form_fields[message]\" id=\"form-field-message\" rows=\"4\"><\/textarea>\t\t\t\t<\/div>\n\t\t\t\t\t\t\t\t<div class=\"elementor-field-type-acceptance elementor-field-group elementor-column elementor-field-group-field_b32c43b elementor-col-100 elementor-field-required\">\n\t\t\t\t\t\t\t<div class=\"elementor-field-subgroup\">\n\t\t\t<span class=\"elementor-field-option\">\n\t\t\t\t<input type=\"checkbox\" name=\"form_fields[field_b32c43b]\" id=\"form-field-field_b32c43b\" class=\"elementor-field elementor-size-sm  elementor-acceptance-field\" required=\"required\">\n\t\t\t\t<label for=\"form-field-field_b32c43b\">He le\u00eddo y acepto la <a href=\"https:\/\/sopenabarcelona.org\/es\/politica-de-privacidad\/\">pol\u00edtica de privacidad<\/a> y las condiciones de uso del formulario de contacto<\/label>\t\t\t<\/span>\n\t\t<\/div>\n\t\t\t\t\t\t<\/div>\n\t\t\t\t\t\t\t\t<div class=\"elementor-field-type-recaptcha elementor-field-group elementor-column elementor-field-group-field_2c10c37 elementor-col-100\">\n\t\t\t\t\t<div class=\"elementor-field\" id=\"form-field-field_2c10c37\"><div class=\"elementor-g-recaptcha\" data-sitekey=\"6Lc7E8YhAAAAAHJWiiMLAYkMm_-wA3MbUqN_Lnpx\" data-type=\"v2_checkbox\" data-theme=\"light\" data-size=\"normal\"><\/div><\/div>\t\t\t\t<\/div>\n\t\t\t\t\t\t\t\t<div class=\"elementor-field-group elementor-column elementor-field-type-submit elementor-col-100 e-form__buttons\">\n\t\t\t\t\t<button class=\"elementor-button elementor-size-sm\" type=\"submit\">\n\t\t\t\t\t\t<span class=\"elementor-button-content-wrapper\">\n\t\t\t\t\t\t\t\t\t\t\t\t\t\t\t\t\t\t\t\t\t\t<span class=\"elementor-button-text\">Enviar<\/span>\n\t\t\t\t\t\t\t\t\t\t\t\t\t<\/span>\n\t\t\t\t\t<\/button>\n\t\t\t\t<\/div>\n\t\t\t<\/div>\n\t\t<\/form>\n\t\t\t\t\t\t<\/div>\n\t\t\t\t<\/div>\n\t\t\t\t\t<\/div>\n\t\t<\/div>\n\t\t\t\t\t<\/div>\n\t\t<\/section>\n\t\t\t\t<\/div>\n\t\t","protected":false},"excerpt":{"rendered":"<p>Preinscripci\u00f3n y matr\u00edcula Fechas 2026\/2027 ESO PREINSCRIPCI\u00d3N 06- 18 Marzo 2026 MATR\u00cdCULACI\u00d3: 22- 30 Junio 2026 M\u00e1s informaci\u00f3n CICLOS FORMATIVOS DE GRADO MEDIO PREINSCRIPCI\u00d3N: 26 mayo &#8211; 1 junio MATRICULA 2026: 1Tanda: 10-16 \/07 2Tanda: 01-03 \/09 M\u00e1s informaci\u00f3n CICLOS FORMATIVOS DE GRADO SUPERIOR PREINSCRIPCI\u00d3N: 26 mayo &#8211; 1 junio MATRICULA 2026: 1Tanda: 10-16 \/07&hellip;<\/p>\n","protected":false},"author":1,"featured_media":10418,"parent":11373,"menu_order":20,"comment_status":"closed","ping_status":"closed","template":"elementor_header_footer","meta":{"footnotes":""},"class_list":["post-11379","page","type-page","status-publish","has-post-thumbnail","hentry"],"yoast_head":"<!-- This site is optimized with the Yoast SEO plugin v27.4 - https:\/\/yoast.com\/product\/yoast-seo-wordpress\/ -->\n<title>Preinscripci\u00f3n y matr\u00edcula - Escola Sope\u00f1a Barcelona<\/title>\n<meta name=\"robots\" content=\"index, follow, max-snippet:-1, max-image-preview:large, max-video-preview:-1\" \/>\n<link rel=\"canonical\" href=\"https:\/\/sopenabarcelona.org\/es\/secretaria\/preinscripcion-y-matricula\/\" \/>\n<meta property=\"og:locale\" content=\"es_ES\" \/>\n<meta property=\"og:type\" content=\"article\" \/>\n<meta property=\"og:title\" content=\"Preinscripci\u00f3n y matr\u00edcula - Escola Sope\u00f1a Barcelona\" \/>\n<meta property=\"og:description\" content=\"Preinscripci\u00f3n y matr\u00edcula Fechas 2026\/2027 ESO PREINSCRIPCI\u00d3N 06- 18 Marzo 2026 MATR\u00cdCULACI\u00d3: 22- 30 Junio 2026 M\u00e1s informaci\u00f3n CICLOS FORMATIVOS DE GRADO MEDIO PREINSCRIPCI\u00d3N: 26 mayo &#8211; 1 junio MATRICULA 2026: 1Tanda: 10-16 \/07 2Tanda: 01-03 \/09 M\u00e1s informaci\u00f3n CICLOS FORMATIVOS DE GRADO SUPERIOR PREINSCRIPCI\u00d3N: 26 mayo &#8211; 1 junio MATRICULA 2026: 1Tanda: 10-16 \/07&hellip;\" \/>\n<meta property=\"og:url\" content=\"https:\/\/sopenabarcelona.org\/es\/secretaria\/preinscripcion-y-matricula\/\" \/>\n<meta property=\"og:site_name\" content=\"Escola Sope\u00f1a Barcelona\" \/>\n<meta property=\"article:modified_time\" content=\"2026-04-09T15:13:50+00:00\" \/>\n<meta property=\"og:image\" content=\"https:\/\/sopenabarcelona.org\/wp-content\/uploads\/2021\/11\/Dolores-Sopena.png\" \/>\n\t<meta property=\"og:image:width\" content=\"300\" \/>\n\t<meta property=\"og:image:height\" content=\"301\" \/>\n\t<meta property=\"og:image:type\" content=\"image\/png\" \/>\n<meta name=\"twitter:card\" content=\"summary_large_image\" \/>\n<meta name=\"twitter:label1\" content=\"Tiempo de lectura\" \/>\n\t<meta name=\"twitter:data1\" content=\"1 minuto\" \/>\n<script type=\"application\/ld+json\" class=\"yoast-schema-graph\">{\"@context\":\"https:\\\/\\\/schema.org\",\"@graph\":[{\"@type\":\"WebPage\",\"@id\":\"https:\\\/\\\/sopenabarcelona.org\\\/es\\\/secretaria\\\/preinscripcion-y-matricula\\\/\",\"url\":\"https:\\\/\\\/sopenabarcelona.org\\\/es\\\/secretaria\\\/preinscripcion-y-matricula\\\/\",\"name\":\"Preinscripci\u00f3n y matr\u00edcula - Escola Sope\u00f1a Barcelona\",\"isPartOf\":{\"@id\":\"https:\\\/\\\/sopenabarcelona.org\\\/es\\\/#website\"},\"primaryImageOfPage\":{\"@id\":\"https:\\\/\\\/sopenabarcelona.org\\\/es\\\/secretaria\\\/preinscripcion-y-matricula\\\/#primaryimage\"},\"image\":{\"@id\":\"https:\\\/\\\/sopenabarcelona.org\\\/es\\\/secretaria\\\/preinscripcion-y-matricula\\\/#primaryimage\"},\"thumbnailUrl\":\"https:\\\/\\\/sopenabarcelona.org\\\/wp-content\\\/uploads\\\/2021\\\/11\\\/Dolores-Sopena.png\",\"datePublished\":\"2022-05-20T14:04:37+00:00\",\"dateModified\":\"2026-04-09T15:13:50+00:00\",\"breadcrumb\":{\"@id\":\"https:\\\/\\\/sopenabarcelona.org\\\/es\\\/secretaria\\\/preinscripcion-y-matricula\\\/#breadcrumb\"},\"inLanguage\":\"es\",\"potentialAction\":[{\"@type\":\"ReadAction\",\"target\":[\"https:\\\/\\\/sopenabarcelona.org\\\/es\\\/secretaria\\\/preinscripcion-y-matricula\\\/\"]}]},{\"@type\":\"ImageObject\",\"inLanguage\":\"es\",\"@id\":\"https:\\\/\\\/sopenabarcelona.org\\\/es\\\/secretaria\\\/preinscripcion-y-matricula\\\/#primaryimage\",\"url\":\"https:\\\/\\\/sopenabarcelona.org\\\/wp-content\\\/uploads\\\/2021\\\/11\\\/Dolores-Sopena.png\",\"contentUrl\":\"https:\\\/\\\/sopenabarcelona.org\\\/wp-content\\\/uploads\\\/2021\\\/11\\\/Dolores-Sopena.png\",\"width\":300,\"height\":301},{\"@type\":\"BreadcrumbList\",\"@id\":\"https:\\\/\\\/sopenabarcelona.org\\\/es\\\/secretaria\\\/preinscripcion-y-matricula\\\/#breadcrumb\",\"itemListElement\":[{\"@type\":\"ListItem\",\"position\":1,\"name\":\"Inici\",\"item\":\"https:\\\/\\\/sopenabarcelona.org\\\/es\\\/\"},{\"@type\":\"ListItem\",\"position\":2,\"name\":\"Secretar\u00eda\",\"item\":\"https:\\\/\\\/sopenabarcelona.org\\\/es\\\/secretaria\\\/\"},{\"@type\":\"ListItem\",\"position\":3,\"name\":\"Preinscripci\u00f3n y matr\u00edcula\"}]},{\"@type\":\"WebSite\",\"@id\":\"https:\\\/\\\/sopenabarcelona.org\\\/es\\\/#website\",\"url\":\"https:\\\/\\\/sopenabarcelona.org\\\/es\\\/\",\"name\":\"Escola Sope\u00f1a Barcelona\",\"description\":\"Escola d&#039;ESO i Formaci\u00f3 Professional\",\"publisher\":{\"@id\":\"https:\\\/\\\/sopenabarcelona.org\\\/es\\\/#organization\"},\"potentialAction\":[{\"@type\":\"SearchAction\",\"target\":{\"@type\":\"EntryPoint\",\"urlTemplate\":\"https:\\\/\\\/sopenabarcelona.org\\\/es\\\/?s={search_term_string}\"},\"query-input\":{\"@type\":\"PropertyValueSpecification\",\"valueRequired\":true,\"valueName\":\"search_term_string\"}}],\"inLanguage\":\"es\"},{\"@type\":\"Organization\",\"@id\":\"https:\\\/\\\/sopenabarcelona.org\\\/es\\\/#organization\",\"name\":\"Escola Sope\u00f1a Barcelona\",\"url\":\"https:\\\/\\\/sopenabarcelona.org\\\/es\\\/\",\"logo\":{\"@type\":\"ImageObject\",\"inLanguage\":\"es\",\"@id\":\"https:\\\/\\\/sopenabarcelona.org\\\/es\\\/#\\\/schema\\\/logo\\\/image\\\/\",\"url\":\"https:\\\/\\\/sopenabarcelona.org\\\/wp-content\\\/uploads\\\/2022\\\/03\\\/Fundacio-Dolores-Sopena-1-1.png\",\"contentUrl\":\"https:\\\/\\\/sopenabarcelona.org\\\/wp-content\\\/uploads\\\/2022\\\/03\\\/Fundacio-Dolores-Sopena-1-1.png\",\"width\":250,\"height\":93,\"caption\":\"Escola Sope\u00f1a Barcelona\"},\"image\":{\"@id\":\"https:\\\/\\\/sopenabarcelona.org\\\/es\\\/#\\\/schema\\\/logo\\\/image\\\/\"}}]}<\/script>\n<!-- \/ Yoast SEO plugin. -->","yoast_head_json":{"title":"Preinscripci\u00f3n y matr\u00edcula - Escola Sope\u00f1a Barcelona","robots":{"index":"index","follow":"follow","max-snippet":"max-snippet:-1","max-image-preview":"max-image-preview:large","max-video-preview":"max-video-preview:-1"},"canonical":"https:\/\/sopenabarcelona.org\/es\/secretaria\/preinscripcion-y-matricula\/","og_locale":"es_ES","og_type":"article","og_title":"Preinscripci\u00f3n y matr\u00edcula - Escola Sope\u00f1a Barcelona","og_description":"Preinscripci\u00f3n y matr\u00edcula Fechas 2026\/2027 ESO PREINSCRIPCI\u00d3N 06- 18 Marzo 2026 MATR\u00cdCULACI\u00d3: 22- 30 Junio 2026 M\u00e1s informaci\u00f3n CICLOS FORMATIVOS DE GRADO MEDIO PREINSCRIPCI\u00d3N: 26 mayo &#8211; 1 junio MATRICULA 2026: 1Tanda: 10-16 \/07 2Tanda: 01-03 \/09 M\u00e1s informaci\u00f3n CICLOS FORMATIVOS DE GRADO SUPERIOR PREINSCRIPCI\u00d3N: 26 mayo &#8211; 1 junio MATRICULA 2026: 1Tanda: 10-16 \/07&hellip;","og_url":"https:\/\/sopenabarcelona.org\/es\/secretaria\/preinscripcion-y-matricula\/","og_site_name":"Escola Sope\u00f1a Barcelona","article_modified_time":"2026-04-09T15:13:50+00:00","og_image":[{"width":300,"height":301,"url":"https:\/\/sopenabarcelona.org\/wp-content\/uploads\/2021\/11\/Dolores-Sopena.png","type":"image\/png"}],"twitter_card":"summary_large_image","twitter_misc":{"Tiempo de lectura":"1 minuto"},"schema":{"@context":"https:\/\/schema.org","@graph":[{"@type":"WebPage","@id":"https:\/\/sopenabarcelona.org\/es\/secretaria\/preinscripcion-y-matricula\/","url":"https:\/\/sopenabarcelona.org\/es\/secretaria\/preinscripcion-y-matricula\/","name":"Preinscripci\u00f3n y matr\u00edcula - Escola Sope\u00f1a Barcelona","isPartOf":{"@id":"https:\/\/sopenabarcelona.org\/es\/#website"},"primaryImageOfPage":{"@id":"https:\/\/sopenabarcelona.org\/es\/secretaria\/preinscripcion-y-matricula\/#primaryimage"},"image":{"@id":"https:\/\/sopenabarcelona.org\/es\/secretaria\/preinscripcion-y-matricula\/#primaryimage"},"thumbnailUrl":"https:\/\/sopenabarcelona.org\/wp-content\/uploads\/2021\/11\/Dolores-Sopena.png","datePublished":"2022-05-20T14:04:37+00:00","dateModified":"2026-04-09T15:13:50+00:00","breadcrumb":{"@id":"https:\/\/sopenabarcelona.org\/es\/secretaria\/preinscripcion-y-matricula\/#breadcrumb"},"inLanguage":"es","potentialAction":[{"@type":"ReadAction","target":["https:\/\/sopenabarcelona.org\/es\/secretaria\/preinscripcion-y-matricula\/"]}]},{"@type":"ImageObject","inLanguage":"es","@id":"https:\/\/sopenabarcelona.org\/es\/secretaria\/preinscripcion-y-matricula\/#primaryimage","url":"https:\/\/sopenabarcelona.org\/wp-content\/uploads\/2021\/11\/Dolores-Sopena.png","contentUrl":"https:\/\/sopenabarcelona.org\/wp-content\/uploads\/2021\/11\/Dolores-Sopena.png","width":300,"height":301},{"@type":"BreadcrumbList","@id":"https:\/\/sopenabarcelona.org\/es\/secretaria\/preinscripcion-y-matricula\/#breadcrumb","itemListElement":[{"@type":"ListItem","position":1,"name":"Inici","item":"https:\/\/sopenabarcelona.org\/es\/"},{"@type":"ListItem","position":2,"name":"Secretar\u00eda","item":"https:\/\/sopenabarcelona.org\/es\/secretaria\/"},{"@type":"ListItem","position":3,"name":"Preinscripci\u00f3n y matr\u00edcula"}]},{"@type":"WebSite","@id":"https:\/\/sopenabarcelona.org\/es\/#website","url":"https:\/\/sopenabarcelona.org\/es\/","name":"Escola Sope\u00f1a Barcelona","description":"Escola d&#039;ESO i Formaci\u00f3 Professional","publisher":{"@id":"https:\/\/sopenabarcelona.org\/es\/#organization"},"potentialAction":[{"@type":"SearchAction","target":{"@type":"EntryPoint","urlTemplate":"https:\/\/sopenabarcelona.org\/es\/?s={search_term_string}"},"query-input":{"@type":"PropertyValueSpecification","valueRequired":true,"valueName":"search_term_string"}}],"inLanguage":"es"},{"@type":"Organization","@id":"https:\/\/sopenabarcelona.org\/es\/#organization","name":"Escola Sope\u00f1a Barcelona","url":"https:\/\/sopenabarcelona.org\/es\/","logo":{"@type":"ImageObject","inLanguage":"es","@id":"https:\/\/sopenabarcelona.org\/es\/#\/schema\/logo\/image\/","url":"https:\/\/sopenabarcelona.org\/wp-content\/uploads\/2022\/03\/Fundacio-Dolores-Sopena-1-1.png","contentUrl":"https:\/\/sopenabarcelona.org\/wp-content\/uploads\/2022\/03\/Fundacio-Dolores-Sopena-1-1.png","width":250,"height":93,"caption":"Escola Sope\u00f1a Barcelona"},"image":{"@id":"https:\/\/sopenabarcelona.org\/es\/#\/schema\/logo\/image\/"}}]}},"_links":{"self":[{"href":"https:\/\/sopenabarcelona.org\/es\/wp-json\/wp\/v2\/pages\/11379","targetHints":{"allow":["GET"]}}],"collection":[{"href":"https:\/\/sopenabarcelona.org\/es\/wp-json\/wp\/v2\/pages"}],"about":[{"href":"https:\/\/sopenabarcelona.org\/es\/wp-json\/wp\/v2\/types\/page"}],"author":[{"embeddable":true,"href":"https:\/\/sopenabarcelona.org\/es\/wp-json\/wp\/v2\/users\/1"}],"replies":[{"embeddable":true,"href":"https:\/\/sopenabarcelona.org\/es\/wp-json\/wp\/v2\/comments?post=11379"}],"version-history":[{"count":54,"href":"https:\/\/sopenabarcelona.org\/es\/wp-json\/wp\/v2\/pages\/11379\/revisions"}],"predecessor-version":[{"id":24511,"href":"https:\/\/sopenabarcelona.org\/es\/wp-json\/wp\/v2\/pages\/11379\/revisions\/24511"}],"up":[{"embeddable":true,"href":"https:\/\/sopenabarcelona.org\/es\/wp-json\/wp\/v2\/pages\/11373"}],"wp:featuredmedia":[{"embeddable":true,"href":"https:\/\/sopenabarcelona.org\/es\/wp-json\/wp\/v2\/media\/10418"}],"wp:attachment":[{"href":"https:\/\/sopenabarcelona.org\/es\/wp-json\/wp\/v2\/media?parent=11379"}],"curies":[{"name":"wp","href":"https:\/\/api.w.org\/{rel}","templated":true}]}}