{"id":11410,"date":"2022-06-28T17:15:23","date_gmt":"2022-06-28T17:15:23","guid":{"rendered":"https:\/\/sopenabarcelona.org\/secretaria\/preinscripcion-y-matricula\/ciclos-formativos-de-grado-superior\/proceso-de-preinscripcion-ciclos-formativos-de-grado-superior-2\/"},"modified":"2025-03-20T17:14:20","modified_gmt":"2025-03-20T17:14:20","slug":"criterios-de-prioridad","status":"publish","type":"page","link":"https:\/\/sopenabarcelona.org\/es\/secretaria\/preinscripcion-y-matricula\/ciclos-grado-superior\/criterios-de-prioridad\/","title":{"rendered":"Proceso de preinscripci\u00f3n Ciclos Formativos de Grado Superior"},"content":{"rendered":"\t\t<div data-elementor-type=\"wp-page\" data-elementor-id=\"11410\" class=\"elementor elementor-11410 elementor-7847\" data-elementor-post-type=\"page\">\n\t\t\t\t\t\t<section class=\"elementor-section elementor-top-section elementor-element elementor-element-60ccef7b elementor-section-boxed elementor-section-height-default elementor-section-height-default\" data-id=\"60ccef7b\" data-element_type=\"section\" data-e-type=\"section\" data-settings=\"{&quot;background_background&quot;:&quot;classic&quot;,&quot;shape_divider_bottom&quot;:&quot;mountains&quot;}\">\n\t\t\t\t\t<div class=\"elementor-shape elementor-shape-bottom\" aria-hidden=\"true\" data-negative=\"false\">\n\t\t\t<svg xmlns=\"http:\/\/www.w3.org\/2000\/svg\" viewBox=\"0 0 1000 100\" preserveAspectRatio=\"none\">\n\t<path class=\"elementor-shape-fill\" opacity=\"0.33\" d=\"M473,67.3c-203.9,88.3-263.1-34-320.3,0C66,119.1,0,59.7,0,59.7V0h1000v59.7 c0,0-62.1,26.1-94.9,29.3c-32.8,3.3-62.8-12.3-75.8-22.1C806,49.6,745.3,8.7,694.9,4.7S492.4,59,473,67.3z\"\/>\n\t<path class=\"elementor-shape-fill\" opacity=\"0.66\" d=\"M734,67.3c-45.5,0-77.2-23.2-129.1-39.1c-28.6-8.7-150.3-10.1-254,39.1 s-91.7-34.4-149.2,0C115.7,118.3,0,39.8,0,39.8V0h1000v36.5c0,0-28.2-18.5-92.1-18.5C810.2,18.1,775.7,67.3,734,67.3z\"\/>\n\t<path class=\"elementor-shape-fill\" d=\"M766.1,28.9c-200-57.5-266,65.5-395.1,19.5C242,1.8,242,5.4,184.8,20.6C128,35.8,132.3,44.9,89.9,52.5C28.6,63.7,0,0,0,0 h1000c0,0-9.9,40.9-83.6,48.1S829.6,47,766.1,28.9z\"\/>\n<\/svg>\t\t<\/div>\n\t\t\t\t\t<div class=\"elementor-container elementor-column-gap-wider\">\n\t\t\t\t\t<div class=\"elementor-column elementor-col-100 elementor-top-column elementor-element elementor-element-c8c9b45\" data-id=\"c8c9b45\" data-element_type=\"column\" data-e-type=\"column\">\n\t\t\t<div class=\"elementor-widget-wrap elementor-element-populated\">\n\t\t\t\t\t\t<div class=\"elementor-element elementor-element-1b38ef10 elementor-widget elementor-widget-heading\" data-id=\"1b38ef10\" data-element_type=\"widget\" data-e-type=\"widget\" data-widget_type=\"heading.default\">\n\t\t\t\t<div class=\"elementor-widget-container\">\n\t\t\t\t\t<h2 class=\"elementor-heading-title elementor-size-default\">Proceso de preinscripci\u00f3n Ciclos Formativos de Grado Superior<\/h2>\t\t\t\t<\/div>\n\t\t\t\t<\/div>\n\t\t\t\t<div class=\"elementor-element elementor-element-4bb98c3 elementor-widget elementor-widget-heading\" data-id=\"4bb98c3\" data-element_type=\"widget\" data-e-type=\"widget\" data-widget_type=\"heading.default\">\n\t\t\t\t<div class=\"elementor-widget-container\">\n\t\t\t\t\t<h4 class=\"elementor-heading-title elementor-size-medium\">2025 -2026<\/h4>\t\t\t\t<\/div>\n\t\t\t\t<\/div>\n\t\t\t\t\t<\/div>\n\t\t<\/div>\n\t\t\t\t\t<\/div>\n\t\t<\/section>\n\t\t\t\t<section class=\"elementor-section elementor-top-section elementor-element elementor-element-7130320 elementor-section-boxed elementor-section-height-default elementor-section-height-default\" data-id=\"7130320\" data-element_type=\"section\" data-e-type=\"section\">\n\t\t\t\t\t\t<div class=\"elementor-container elementor-column-gap-default\">\n\t\t\t\t\t<div class=\"elementor-column elementor-col-33 elementor-top-column elementor-element elementor-element-5d8a692\" data-id=\"5d8a692\" data-element_type=\"column\" data-e-type=\"column\">\n\t\t\t<div class=\"elementor-widget-wrap elementor-element-populated\">\n\t\t\t\t\t\t<div class=\"elementor-element elementor-element-7e26833 elementor-widget__width-inherit elementor-button-warning elementor-widget elementor-widget-button\" data-id=\"7e26833\" data-element_type=\"widget\" data-e-type=\"widget\" data-widget_type=\"button.default\">\n\t\t\t\t<div class=\"elementor-widget-container\">\n\t\t\t\t\t\t\t\t\t<div class=\"elementor-button-wrapper\">\n\t\t\t\t\t<a class=\"elementor-button elementor-button-link elementor-size-sm\" href=\"https:\/\/sopenabarcelona.org\/es\/secretaria\/preinscripcion-y-matricula\/ciclos-grado-superior\/proceso-de-preinscripcion\/\">\n\t\t\t\t\t\t<span class=\"elementor-button-content-wrapper\">\n\t\t\t\t\t\t\t\t\t<span class=\"elementor-button-text\">Proceso de preinscripci\u00f3n<\/span>\n\t\t\t\t\t<\/span>\n\t\t\t\t\t<\/a>\n\t\t\t\t<\/div>\n\t\t\t\t\t\t\t\t<\/div>\n\t\t\t\t<\/div>\n\t\t\t\t<div class=\"elementor-element elementor-element-37088f7 elementor-widget__width-inherit elementor-widget elementor-widget-button\" data-id=\"37088f7\" data-element_type=\"widget\" data-e-type=\"widget\" data-widget_type=\"button.default\">\n\t\t\t\t<div class=\"elementor-widget-container\">\n\t\t\t\t\t\t\t\t\t<div class=\"elementor-button-wrapper\">\n\t\t\t\t\t<a class=\"elementor-button elementor-size-sm\" role=\"button\">\n\t\t\t\t\t\t<span class=\"elementor-button-content-wrapper\">\n\t\t\t\t\t\t\t\t\t<span class=\"elementor-button-text\">Criterios de prioridad<\/span>\n\t\t\t\t\t<\/span>\n\t\t\t\t\t<\/a>\n\t\t\t\t<\/div>\n\t\t\t\t\t\t\t\t<\/div>\n\t\t\t\t<\/div>\n\t\t\t\t<div class=\"elementor-element elementor-element-4c1abd1 elementor-button-warning elementor-widget__width-inherit elementor-widget elementor-widget-button\" data-id=\"4c1abd1\" data-element_type=\"widget\" data-e-type=\"widget\" data-widget_type=\"button.default\">\n\t\t\t\t<div class=\"elementor-widget-container\">\n\t\t\t\t\t\t\t\t\t<div class=\"elementor-button-wrapper\">\n\t\t\t\t\t<a class=\"elementor-button elementor-button-link elementor-size-sm\" href=\"https:\/\/sopenabarcelona.org\/es\/secretaria\/preinscripcion-y-matricula\/ciclos-grado-superior\/matricula\/\">\n\t\t\t\t\t\t<span class=\"elementor-button-content-wrapper\">\n\t\t\t\t\t\t\t\t\t<span class=\"elementor-button-text\">Matr\u00edcula<\/span>\n\t\t\t\t\t<\/span>\n\t\t\t\t\t<\/a>\n\t\t\t\t<\/div>\n\t\t\t\t\t\t\t\t<\/div>\n\t\t\t\t<\/div>\n\t\t\t\t<div class=\"elementor-element elementor-element-4d2c3ee elementor-button-warning elementor-widget__width-inherit elementor-widget elementor-widget-button\" data-id=\"4d2c3ee\" data-element_type=\"widget\" data-e-type=\"widget\" data-widget_type=\"button.default\">\n\t\t\t\t<div class=\"elementor-widget-container\">\n\t\t\t\t\t\t\t\t\t<div class=\"elementor-button-wrapper\">\n\t\t\t\t\t<a class=\"elementor-button elementor-button-link elementor-size-sm\" href=\"https:\/\/sopenabarcelona.org\/es\/secretaria\/preinscripcion-y-matricula\/ciclos-grado-superior\/vacantes\/\">\n\t\t\t\t\t\t<span class=\"elementor-button-content-wrapper\">\n\t\t\t\t\t\t\t\t\t<span class=\"elementor-button-text\">Gesti\u00f3n de vacantes y lista de espera<\/span>\n\t\t\t\t\t<\/span>\n\t\t\t\t\t<\/a>\n\t\t\t\t<\/div>\n\t\t\t\t\t\t\t\t<\/div>\n\t\t\t\t<\/div>\n\t\t\t\t<div class=\"elementor-element elementor-element-c9ab91b elementor-button-warning elementor-widget__width-inherit elementor-widget elementor-widget-button\" data-id=\"c9ab91b\" data-element_type=\"widget\" data-e-type=\"widget\" data-widget_type=\"button.default\">\n\t\t\t\t<div class=\"elementor-widget-container\">\n\t\t\t\t\t\t\t\t\t<div class=\"elementor-button-wrapper\">\n\t\t\t\t\t<a class=\"elementor-button elementor-button-link elementor-size-sm\" href=\"https:\/\/sopenabarcelona.org\/es\/secretaria\/preinscripcion-y-matricula\/ciclos-grado-superior\/consultas-y-seguimiento-de-la-preinscripcion\/\">\n\t\t\t\t\t\t<span class=\"elementor-button-content-wrapper\">\n\t\t\t\t\t\t\t\t\t<span class=\"elementor-button-text\">Consultas y seguimiento preinscripci\u00f3n<\/span>\n\t\t\t\t\t<\/span>\n\t\t\t\t\t<\/a>\n\t\t\t\t<\/div>\n\t\t\t\t\t\t\t\t<\/div>\n\t\t\t\t<\/div>\n\t\t\t\t<div class=\"elementor-element elementor-element-ca333f6 elementor-button-warning elementor-widget__width-inherit elementor-widget elementor-widget-button\" data-id=\"ca333f6\" data-element_type=\"widget\" data-e-type=\"widget\" data-widget_type=\"button.default\">\n\t\t\t\t<div class=\"elementor-widget-container\">\n\t\t\t\t\t\t\t\t\t<div class=\"elementor-button-wrapper\">\n\t\t\t\t\t<a class=\"elementor-button elementor-button-link elementor-size-sm\" href=\"https:\/\/preinscripcio.gencat.cat\/ca\/estudis\/fp-grau-superior\/preinscriute\/dubtes\/\" target=\"_blank\">\n\t\t\t\t\t\t<span class=\"elementor-button-content-wrapper\">\n\t\t\t\t\t\t\t\t\t<span class=\"elementor-button-text\">Preguntas frecuentes<\/span>\n\t\t\t\t\t<\/span>\n\t\t\t\t\t<\/a>\n\t\t\t\t<\/div>\n\t\t\t\t\t\t\t\t<\/div>\n\t\t\t\t<\/div>\n\t\t\t\t\t<\/div>\n\t\t<\/div>\n\t\t\t\t<div class=\"elementor-column elementor-col-66 elementor-top-column elementor-element elementor-element-c2b67fd\" data-id=\"c2b67fd\" data-element_type=\"column\" data-e-type=\"column\">\n\t\t\t<div class=\"elementor-widget-wrap elementor-element-populated\">\n\t\t\t\t\t\t<div class=\"elementor-element elementor-element-5def57c elementor-widget elementor-widget-text-editor\" data-id=\"5def57c\" data-element_type=\"widget\" data-e-type=\"widget\" data-widget_type=\"text-editor.default\">\n\t\t\t\t<div class=\"elementor-widget-container\">\n\t\t\t\t\t\t\t\t\t<h4>Requisitos de acceso a los ciclos formativos de grado superior: <\/h4>\n<div> <\/div>\n\t\t\t\t\t\t\t\t<\/div>\n\t\t\t\t<\/div>\n\t\t\t\t<div class=\"elementor-element elementor-element-9fc97a5 elementor-align-start elementor-icon-list--layout-traditional elementor-list-item-link-full_width elementor-widget elementor-widget-icon-list\" data-id=\"9fc97a5\" data-element_type=\"widget\" data-e-type=\"widget\" data-widget_type=\"icon-list.default\">\n\t\t\t\t<div class=\"elementor-widget-container\">\n\t\t\t\t\t\t\t<ul class=\"elementor-icon-list-items\">\n\t\t\t\t\t\t\t<li class=\"elementor-icon-list-item\">\n\t\t\t\t\t\t\t\t\t\t\t<span class=\"elementor-icon-list-icon\">\n\t\t\t\t\t\t\t<i aria-hidden=\"true\" class=\"fas fa-check\"><\/i>\t\t\t\t\t\t<\/span>\n\t\t\t\t\t\t\t\t\t\t<span class=\"elementor-icon-list-text\">Para cursar los ciclos formativos de grado superior es necesario tener el t\u00edtulo de bachillerato, (COU, FP2) o una titulaci\u00f3n superior.<\/span>\n\t\t\t\t\t\t\t\t\t<\/li>\n\t\t\t\t\t\t\t\t<li class=\"elementor-icon-list-item\">\n\t\t\t\t\t\t\t\t\t\t\t<a href=\"http:\/\/ensenyament.gencat.cat\/ca\/serveis-tramits\/proves\/proves-acces\/gs-fp\/\">\n\n\t\t\t\t\t\t\t\t\t\t\t\t<span class=\"elementor-icon-list-icon\">\n\t\t\t\t\t\t\t<i aria-hidden=\"true\" class=\"fas fa-check\"><\/i>\t\t\t\t\t\t<\/span>\n\t\t\t\t\t\t\t\t\t\t<span class=\"elementor-icon-list-text\">Tener 18 a\u00f1os y acreditar que se tiene un t\u00edtulo de t\u00e9cnico\/a relacionado con aquel al que se quiere acceder y superar la correspondiente prueba de acceso.<\/span>\n\t\t\t\t\t\t\t\t\t\t\t<\/a>\n\t\t\t\t\t\t\t\t\t<\/li>\n\t\t\t\t\t\t\t\t<li class=\"elementor-icon-list-item\">\n\t\t\t\t\t\t\t\t\t\t\t<span class=\"elementor-icon-list-icon\">\n\t\t\t\t\t\t\t<i aria-hidden=\"true\" class=\"fas fa-check\"><\/i>\t\t\t\t\t\t<\/span>\n\t\t\t\t\t\t\t\t\t\t<span class=\"elementor-icon-list-text\">Tambi\u00e9n disponer de un t\u00edtulo de T\u00e9cnico de grado medio.<\/span>\n\t\t\t\t\t\t\t\t\t<\/li>\n\t\t\t\t\t\t\t\t<li class=\"elementor-icon-list-item\">\n\t\t\t\t\t\t\t\t\t\t\t<span class=\"elementor-icon-list-icon\">\n\t\t\t\t\t\t\t<i aria-hidden=\"true\" class=\"fas fa-check\"><\/i>\t\t\t\t\t\t<\/span>\n\t\t\t\t\t\t\t\t\t\t<span class=\"elementor-icon-list-text\">Tambi\u00e9n se puede acceder a ellos si se ha superado la prueba de acceso a la universidad para mayores de 25 a\u00f1os o se ha superado el curso de formaci\u00f3n espec\u00edfica para el acceso a los ciclos formativos de grado superior.<\/span>\n\t\t\t\t\t\t\t\t\t<\/li>\n\t\t\t\t\t\t\t\t<li class=\"elementor-icon-list-item\">\n\t\t\t\t\t\t\t\t\t\t\t<span class=\"elementor-icon-list-icon\">\n\t\t\t\t\t\t\t<i aria-hidden=\"true\" class=\"fas fa-check\"><\/i>\t\t\t\t\t\t<\/span>\n\t\t\t\t\t\t\t\t\t\t<span class=\"elementor-icon-list-text\">Para las personas con titulaciones extranjeras, es necesario disponer de la homologaci\u00f3n previa, que sea equivalente a bachillerato oa los ciclos formativos de grado superior, o bien titulaciones superiores homologadas por el MEC.<\/span>\n\t\t\t\t\t\t\t\t\t<\/li>\n\t\t\t\t\t\t<\/ul>\n\t\t\t\t\t\t<\/div>\n\t\t\t\t<\/div>\n\t\t\t\t<div class=\"elementor-element elementor-element-3bfcc9d elementor-widget elementor-widget-spacer\" data-id=\"3bfcc9d\" data-element_type=\"widget\" data-e-type=\"widget\" data-widget_type=\"spacer.default\">\n\t\t\t\t<div class=\"elementor-widget-container\">\n\t\t\t\t\t\t\t<div class=\"elementor-spacer\">\n\t\t\t<div class=\"elementor-spacer-inner\"><\/div>\n\t\t<\/div>\n\t\t\t\t\t\t<\/div>\n\t\t\t\t<\/div>\n\t\t\t\t<div class=\"elementor-element elementor-element-b3dea73 elementor-widget elementor-widget-text-editor\" data-id=\"b3dea73\" data-element_type=\"widget\" data-e-type=\"widget\" data-widget_type=\"text-editor.default\">\n\t\t\t\t<div class=\"elementor-widget-container\">\n\t\t\t\t\t\t\t\t\t<h4>Criteris de prioritat per a l&#8217;assignaci\u00f3 de places<\/h4>\n\t\t\t\t\t\t\t\t<\/div>\n\t\t\t\t<\/div>\n\t\t\t\t<div class=\"elementor-element elementor-element-7ca7ffc elementor-widget elementor-widget-text-editor\" data-id=\"7ca7ffc\" data-element_type=\"widget\" data-e-type=\"widget\" data-widget_type=\"text-editor.default\">\n\t\t\t\t<div class=\"elementor-widget-container\">\n\t\t\t\t\t\t\t\t\t<p>Las solicitudes de prescripci\u00f3n se ordenan, dentro de cada v\u00eda de acceso y, de acuerdo con las prioridades que corresponda, seg\u00fan la calificaci\u00f3n de los estudios o la calificaci\u00f3n de la prueba que permiten el acceso al ciclo.<\/p><p>Seg\u00fan la v\u00eda de acceso a estas ense\u00f1anzas, se aplican los criterios de prioridad y se hacen las reservas de plazas siguientes:<\/p><p>&#8211; Para los alumnos que acceden por la v\u00eda del bachillerato y del t\u00edtulo t\u00e9cnico\/a de formaci\u00f3n profesional se hace una reserva de plazas del 80%: de estas, el 50% son para las personas que alegan el bachillerato y, el 50%, para las que acceden con el t\u00edtulo de t\u00e9cnico\/a de formaci\u00f3n profesional. Son prioritarias las solicitudes de las personas que han acabado (o acabar\u00e1n) los estudios los cursos 2022-2023, 2023-2024 y 2024-2025, respecto de las personas que los han acabado en cursos anteriores.<\/p><p>Una vez diferenciadas las solicitudes en funci\u00f3n de los estudios previos y del curso acad\u00e9mico en que los hab\u00e9is finalizado, las peticiones dentro de las solicitudes se ordenan a partir de la nota de acceso.<\/p><p>En general, la nota de acceso es la calificaci\u00f3n del bachillerato o ciclo de grado medio que se alega para acceder. Ahora bien, si la modalidad de bachillerato cursada es preferente para acceder al t\u00edtulo que se quiere cursar, seg\u00fan la tabla de modalidades preferentes de bachillerato, por un lado, o si el ciclo de grado medio cursado es de una familia af\u00edn en el t\u00edtulo que se quiere cursar, seg\u00fan la tabla de afinidades de las familias profesionales, de la otra, la nota de acceso es el resultado de multiplicar la calificaci\u00f3n media obtenida en los estudios previos por un par\u00e1metro (1,7). As\u00ed la nota de acceso puede ser diferente para cada petici\u00f3n de la solicitud, en funci\u00f3n de si se tiene acceso prioritario por modalidad de bachillerato o por familia af\u00edn.<\/p><p>Cada petici\u00f3n tiene su nota de acceso calculada y se asignar\u00e1 o no en funci\u00f3n de la nota de corte para bachillerato o t\u00e9cnico\/a de formaci\u00f3n profesional que corresponda para el ciclo pedido y de si la petici\u00f3n se ha listado como m\u00e1s o menos prioritaria en la solicitud.<\/p><p>&#8211; Para los alumnos que acceden por la v\u00eda de la prueba de acceso, que tienen la exenci\u00f3n total de esta prueba o han superado el curso de formaci\u00f3n preparatorio para acceder a un ciclo formativo de grado superior, se hace una reserva de plazas del 15%. Por esta v\u00eda tambi\u00e9n acceden las personas que tienen un t\u00edtulo de t\u00e9cnico\/a de artes pl\u00e1sticas y dise\u00f1o, los que han aprobado las probara de acceso a la universidad, as\u00ed como los graduados universitarios y el resto que han obtenido titulaciones y certificados declarados equivalentes a efectos de acceder a un ciclo de formaci\u00f3n profesional de grado superior.<\/p><p>&#8211; Para los alumnos que acceden por la v\u00eda del t\u00edtulo de t\u00e9cnico\/a superior de formaci\u00f3n profesional se reserva un 5% de las plazas. Las solicitudes se ordenan seg\u00fan la calificaci\u00f3n media del estudio alegado.<\/p><p>&#8211; Para los alumnos que acceden por la v\u00eda del certificado de profesionalidad, se asignan hasta un 5% de la oferta de plazas. Por esta v\u00eda acceden los alumnos que han obtenido uno o varios certificados de profesionalidad integrados en el ciclo formativo a que se pide acceder. Estas asignaciones no ocupan plazas de la oferta ordinaria, puesto que los alumnos se matriculan parcialmente a los m\u00f3dulos profesionales que los falten para obtener el t\u00edtulo de t\u00e9cnico\/a superior.<\/p><p>Las peticiones se ordenan, dentro de cada v\u00eda, en primer lugar, de acuerdo con los criterios de prioridad y la puntuaci\u00f3n obtenida de los estudios.<\/p><p>Las solicitudes que alegan la situaci\u00f3n de discapacidad, si no se asignan en las plazas reservadas, se intentan asignar en la orden que los corresponde al resto de plazas.<\/p><p>\u00a0<\/p><p><span style=\"text-decoration: underline;\"><strong>GRADO SUPERIOR<\/strong><\/span><\/p><p><strong>V\u00eda 1:<\/strong> Grado medio o por Bachillerato\u00a0 |\u00a0<strong> 80% de las plazas<\/strong> (del cual 50% por grado medio y 50% por el bachillerato).<\/p><p>Tiene prioridad el alumnado que ha finalizado en los \u00faltimos 3 cursos lectivos (2024-25, 2023-24 y 2022-23) y despu\u00e9s se aplica prioridad seg\u00fan la tabla de afinidades de familias profesionales si viene de grado medio (clic aqu\u00ed) o seg\u00fan la tabla de prioridades si viene de bachillerato (clic aqu\u00ed)<\/p><p><strong>V\u00eda 2:<\/strong> Curso acceso o prueba acceso a grado superior\u00a0 |<strong>15%<\/strong> <strong>de las plazas<\/strong><\/p><p><strong>V\u00eda 3:<\/strong> Grado superior, Grado universitario\u00a0 |\u00a0 <strong>5% de las plazas<\/strong><\/p><p>\u00a0<\/p><p>M\u00e1s informaci\u00f3n: <br \/><a href=\"https:\/\/dogc.gencat.cat\/ca\/document-del-dogc\/?documentId=1009132\" target=\"_blank\" rel=\"noopener\">Resoluci\u00f3n EDF\/889\/2025, de 12 de marzo, por la cual se determinan el calendario y las condiciones de la preinscripci\u00f3n y matr\u00edcula, para el curso 2025-2026&#8230;<\/a><\/p>\t\t\t\t\t\t\t\t<\/div>\n\t\t\t\t<\/div>\n\t\t\t\t\t<\/div>\n\t\t<\/div>\n\t\t\t\t\t<\/div>\n\t\t<\/section>\n\t\t\t\t<\/div>\n\t\t","protected":false},"excerpt":{"rendered":"<p>Proceso de preinscripci\u00f3n Ciclos Formativos de Grado Superior 2025 -2026 Proceso de preinscripci\u00f3n Criterios de prioridad Matr\u00edcula Gesti\u00f3n de vacantes y lista de espera Consultas y seguimiento preinscripci\u00f3n Preguntas frecuentes Requisitos de acceso a los ciclos formativos de grado superior: Para cursar los ciclos formativos de grado superior es necesario tener el t\u00edtulo de bachillerato,&hellip;<\/p>\n","protected":false},"author":1,"featured_media":10418,"parent":11404,"menu_order":20,"comment_status":"closed","ping_status":"closed","template":"elementor_header_footer","meta":{"footnotes":""},"class_list":["post-11410","page","type-page","status-publish","has-post-thumbnail","hentry"],"yoast_head":"<!-- This site is optimized with the Yoast SEO plugin v27.4 - https:\/\/yoast.com\/product\/yoast-seo-wordpress\/ -->\n<title>Proceso de preinscripci\u00f3n Ciclos Formativos de Grado Superior - Escola Sope\u00f1a Barcelona<\/title>\n<meta name=\"robots\" content=\"index, follow, max-snippet:-1, max-image-preview:large, max-video-preview:-1\" \/>\n<link rel=\"canonical\" href=\"https:\/\/sopenabarcelona.org\/es\/secretaria\/preinscripcion-y-matricula\/ciclos-grado-superior\/criterios-de-prioridad\/\" \/>\n<meta property=\"og:locale\" content=\"es_ES\" \/>\n<meta property=\"og:type\" content=\"article\" \/>\n<meta property=\"og:title\" content=\"Proceso de preinscripci\u00f3n Ciclos Formativos de Grado Superior - Escola Sope\u00f1a Barcelona\" \/>\n<meta property=\"og:description\" content=\"Proceso de preinscripci\u00f3n Ciclos Formativos de Grado Superior 2025 -2026 Proceso de preinscripci\u00f3n Criterios de prioridad Matr\u00edcula Gesti\u00f3n de vacantes y lista de espera Consultas y seguimiento preinscripci\u00f3n Preguntas frecuentes Requisitos de acceso a los ciclos formativos de grado superior: Para cursar los ciclos formativos de grado superior es necesario tener el t\u00edtulo de bachillerato,&hellip;\" \/>\n<meta property=\"og:url\" content=\"https:\/\/sopenabarcelona.org\/es\/secretaria\/preinscripcion-y-matricula\/ciclos-grado-superior\/criterios-de-prioridad\/\" \/>\n<meta property=\"og:site_name\" content=\"Escola Sope\u00f1a Barcelona\" \/>\n<meta property=\"article:modified_time\" content=\"2025-03-20T17:14:20+00:00\" \/>\n<meta property=\"og:image\" content=\"https:\/\/sopenabarcelona.org\/wp-content\/uploads\/2021\/11\/Dolores-Sopena.png\" \/>\n\t<meta property=\"og:image:width\" content=\"300\" \/>\n\t<meta property=\"og:image:height\" content=\"301\" \/>\n\t<meta property=\"og:image:type\" content=\"image\/png\" \/>\n<meta name=\"twitter:card\" content=\"summary_large_image\" \/>\n<meta name=\"twitter:label1\" content=\"Tiempo de lectura\" \/>\n\t<meta name=\"twitter:data1\" content=\"5 minutos\" \/>\n<script type=\"application\/ld+json\" class=\"yoast-schema-graph\">{\"@context\":\"https:\\\/\\\/schema.org\",\"@graph\":[{\"@type\":\"WebPage\",\"@id\":\"https:\\\/\\\/sopenabarcelona.org\\\/es\\\/secretaria\\\/preinscripcion-y-matricula\\\/ciclos-grado-superior\\\/criterios-de-prioridad\\\/\",\"url\":\"https:\\\/\\\/sopenabarcelona.org\\\/es\\\/secretaria\\\/preinscripcion-y-matricula\\\/ciclos-grado-superior\\\/criterios-de-prioridad\\\/\",\"name\":\"Proceso de preinscripci\u00f3n Ciclos Formativos de Grado Superior - Escola Sope\u00f1a Barcelona\",\"isPartOf\":{\"@id\":\"https:\\\/\\\/sopenabarcelona.org\\\/es\\\/#website\"},\"primaryImageOfPage\":{\"@id\":\"https:\\\/\\\/sopenabarcelona.org\\\/es\\\/secretaria\\\/preinscripcion-y-matricula\\\/ciclos-grado-superior\\\/criterios-de-prioridad\\\/#primaryimage\"},\"image\":{\"@id\":\"https:\\\/\\\/sopenabarcelona.org\\\/es\\\/secretaria\\\/preinscripcion-y-matricula\\\/ciclos-grado-superior\\\/criterios-de-prioridad\\\/#primaryimage\"},\"thumbnailUrl\":\"https:\\\/\\\/sopenabarcelona.org\\\/wp-content\\\/uploads\\\/2021\\\/11\\\/Dolores-Sopena.png\",\"datePublished\":\"2022-06-28T17:15:23+00:00\",\"dateModified\":\"2025-03-20T17:14:20+00:00\",\"breadcrumb\":{\"@id\":\"https:\\\/\\\/sopenabarcelona.org\\\/es\\\/secretaria\\\/preinscripcion-y-matricula\\\/ciclos-grado-superior\\\/criterios-de-prioridad\\\/#breadcrumb\"},\"inLanguage\":\"es\",\"potentialAction\":[{\"@type\":\"ReadAction\",\"target\":[\"https:\\\/\\\/sopenabarcelona.org\\\/es\\\/secretaria\\\/preinscripcion-y-matricula\\\/ciclos-grado-superior\\\/criterios-de-prioridad\\\/\"]}]},{\"@type\":\"ImageObject\",\"inLanguage\":\"es\",\"@id\":\"https:\\\/\\\/sopenabarcelona.org\\\/es\\\/secretaria\\\/preinscripcion-y-matricula\\\/ciclos-grado-superior\\\/criterios-de-prioridad\\\/#primaryimage\",\"url\":\"https:\\\/\\\/sopenabarcelona.org\\\/wp-content\\\/uploads\\\/2021\\\/11\\\/Dolores-Sopena.png\",\"contentUrl\":\"https:\\\/\\\/sopenabarcelona.org\\\/wp-content\\\/uploads\\\/2021\\\/11\\\/Dolores-Sopena.png\",\"width\":300,\"height\":301},{\"@type\":\"BreadcrumbList\",\"@id\":\"https:\\\/\\\/sopenabarcelona.org\\\/es\\\/secretaria\\\/preinscripcion-y-matricula\\\/ciclos-grado-superior\\\/criterios-de-prioridad\\\/#breadcrumb\",\"itemListElement\":[{\"@type\":\"ListItem\",\"position\":1,\"name\":\"Inici\",\"item\":\"https:\\\/\\\/sopenabarcelona.org\\\/es\\\/\"},{\"@type\":\"ListItem\",\"position\":2,\"name\":\"Secretar\u00eda\",\"item\":\"https:\\\/\\\/sopenabarcelona.org\\\/es\\\/secretaria\\\/\"},{\"@type\":\"ListItem\",\"position\":3,\"name\":\"Preinscripci\u00f3n y matr\u00edcula\",\"item\":\"https:\\\/\\\/sopenabarcelona.org\\\/es\\\/secretaria\\\/preinscripcio-i-matricula\\\/\"},{\"@type\":\"ListItem\",\"position\":4,\"name\":\"Ciclos Formativos de Grado Superior\",\"item\":\"https:\\\/\\\/sopenabarcelona.org\\\/es\\\/secretaria\\\/preinscripcio-i-matricula\\\/cicles-grau-superior\\\/\"},{\"@type\":\"ListItem\",\"position\":5,\"name\":\"Proceso de preinscripci\u00f3n Ciclos Formativos de Grado Superior\"}]},{\"@type\":\"WebSite\",\"@id\":\"https:\\\/\\\/sopenabarcelona.org\\\/es\\\/#website\",\"url\":\"https:\\\/\\\/sopenabarcelona.org\\\/es\\\/\",\"name\":\"Escola Sope\u00f1a Barcelona\",\"description\":\"Escola d&#039;ESO i Formaci\u00f3 Professional\",\"publisher\":{\"@id\":\"https:\\\/\\\/sopenabarcelona.org\\\/es\\\/#organization\"},\"potentialAction\":[{\"@type\":\"SearchAction\",\"target\":{\"@type\":\"EntryPoint\",\"urlTemplate\":\"https:\\\/\\\/sopenabarcelona.org\\\/es\\\/?s={search_term_string}\"},\"query-input\":{\"@type\":\"PropertyValueSpecification\",\"valueRequired\":true,\"valueName\":\"search_term_string\"}}],\"inLanguage\":\"es\"},{\"@type\":\"Organization\",\"@id\":\"https:\\\/\\\/sopenabarcelona.org\\\/es\\\/#organization\",\"name\":\"Escola Sope\u00f1a Barcelona\",\"url\":\"https:\\\/\\\/sopenabarcelona.org\\\/es\\\/\",\"logo\":{\"@type\":\"ImageObject\",\"inLanguage\":\"es\",\"@id\":\"https:\\\/\\\/sopenabarcelona.org\\\/es\\\/#\\\/schema\\\/logo\\\/image\\\/\",\"url\":\"https:\\\/\\\/sopenabarcelona.org\\\/wp-content\\\/uploads\\\/2022\\\/03\\\/Fundacio-Dolores-Sopena-1-1.png\",\"contentUrl\":\"https:\\\/\\\/sopenabarcelona.org\\\/wp-content\\\/uploads\\\/2022\\\/03\\\/Fundacio-Dolores-Sopena-1-1.png\",\"width\":250,\"height\":93,\"caption\":\"Escola Sope\u00f1a Barcelona\"},\"image\":{\"@id\":\"https:\\\/\\\/sopenabarcelona.org\\\/es\\\/#\\\/schema\\\/logo\\\/image\\\/\"}}]}<\/script>\n<!-- \/ Yoast SEO plugin. -->","yoast_head_json":{"title":"Proceso de preinscripci\u00f3n Ciclos Formativos de Grado Superior - Escola Sope\u00f1a Barcelona","robots":{"index":"index","follow":"follow","max-snippet":"max-snippet:-1","max-image-preview":"max-image-preview:large","max-video-preview":"max-video-preview:-1"},"canonical":"https:\/\/sopenabarcelona.org\/es\/secretaria\/preinscripcion-y-matricula\/ciclos-grado-superior\/criterios-de-prioridad\/","og_locale":"es_ES","og_type":"article","og_title":"Proceso de preinscripci\u00f3n Ciclos Formativos de Grado Superior - Escola Sope\u00f1a Barcelona","og_description":"Proceso de preinscripci\u00f3n Ciclos Formativos de Grado Superior 2025 -2026 Proceso de preinscripci\u00f3n Criterios de prioridad Matr\u00edcula Gesti\u00f3n de vacantes y lista de espera Consultas y seguimiento preinscripci\u00f3n Preguntas frecuentes Requisitos de acceso a los ciclos formativos de grado superior: Para cursar los ciclos formativos de grado superior es necesario tener el t\u00edtulo de bachillerato,&hellip;","og_url":"https:\/\/sopenabarcelona.org\/es\/secretaria\/preinscripcion-y-matricula\/ciclos-grado-superior\/criterios-de-prioridad\/","og_site_name":"Escola Sope\u00f1a Barcelona","article_modified_time":"2025-03-20T17:14:20+00:00","og_image":[{"width":300,"height":301,"url":"https:\/\/sopenabarcelona.org\/wp-content\/uploads\/2021\/11\/Dolores-Sopena.png","type":"image\/png"}],"twitter_card":"summary_large_image","twitter_misc":{"Tiempo de lectura":"5 minutos"},"schema":{"@context":"https:\/\/schema.org","@graph":[{"@type":"WebPage","@id":"https:\/\/sopenabarcelona.org\/es\/secretaria\/preinscripcion-y-matricula\/ciclos-grado-superior\/criterios-de-prioridad\/","url":"https:\/\/sopenabarcelona.org\/es\/secretaria\/preinscripcion-y-matricula\/ciclos-grado-superior\/criterios-de-prioridad\/","name":"Proceso de preinscripci\u00f3n Ciclos Formativos de Grado Superior - Escola Sope\u00f1a Barcelona","isPartOf":{"@id":"https:\/\/sopenabarcelona.org\/es\/#website"},"primaryImageOfPage":{"@id":"https:\/\/sopenabarcelona.org\/es\/secretaria\/preinscripcion-y-matricula\/ciclos-grado-superior\/criterios-de-prioridad\/#primaryimage"},"image":{"@id":"https:\/\/sopenabarcelona.org\/es\/secretaria\/preinscripcion-y-matricula\/ciclos-grado-superior\/criterios-de-prioridad\/#primaryimage"},"thumbnailUrl":"https:\/\/sopenabarcelona.org\/wp-content\/uploads\/2021\/11\/Dolores-Sopena.png","datePublished":"2022-06-28T17:15:23+00:00","dateModified":"2025-03-20T17:14:20+00:00","breadcrumb":{"@id":"https:\/\/sopenabarcelona.org\/es\/secretaria\/preinscripcion-y-matricula\/ciclos-grado-superior\/criterios-de-prioridad\/#breadcrumb"},"inLanguage":"es","potentialAction":[{"@type":"ReadAction","target":["https:\/\/sopenabarcelona.org\/es\/secretaria\/preinscripcion-y-matricula\/ciclos-grado-superior\/criterios-de-prioridad\/"]}]},{"@type":"ImageObject","inLanguage":"es","@id":"https:\/\/sopenabarcelona.org\/es\/secretaria\/preinscripcion-y-matricula\/ciclos-grado-superior\/criterios-de-prioridad\/#primaryimage","url":"https:\/\/sopenabarcelona.org\/wp-content\/uploads\/2021\/11\/Dolores-Sopena.png","contentUrl":"https:\/\/sopenabarcelona.org\/wp-content\/uploads\/2021\/11\/Dolores-Sopena.png","width":300,"height":301},{"@type":"BreadcrumbList","@id":"https:\/\/sopenabarcelona.org\/es\/secretaria\/preinscripcion-y-matricula\/ciclos-grado-superior\/criterios-de-prioridad\/#breadcrumb","itemListElement":[{"@type":"ListItem","position":1,"name":"Inici","item":"https:\/\/sopenabarcelona.org\/es\/"},{"@type":"ListItem","position":2,"name":"Secretar\u00eda","item":"https:\/\/sopenabarcelona.org\/es\/secretaria\/"},{"@type":"ListItem","position":3,"name":"Preinscripci\u00f3n y matr\u00edcula","item":"https:\/\/sopenabarcelona.org\/es\/secretaria\/preinscripcio-i-matricula\/"},{"@type":"ListItem","position":4,"name":"Ciclos Formativos de Grado Superior","item":"https:\/\/sopenabarcelona.org\/es\/secretaria\/preinscripcio-i-matricula\/cicles-grau-superior\/"},{"@type":"ListItem","position":5,"name":"Proceso de preinscripci\u00f3n Ciclos Formativos de Grado Superior"}]},{"@type":"WebSite","@id":"https:\/\/sopenabarcelona.org\/es\/#website","url":"https:\/\/sopenabarcelona.org\/es\/","name":"Escola Sope\u00f1a Barcelona","description":"Escola d&#039;ESO i Formaci\u00f3 Professional","publisher":{"@id":"https:\/\/sopenabarcelona.org\/es\/#organization"},"potentialAction":[{"@type":"SearchAction","target":{"@type":"EntryPoint","urlTemplate":"https:\/\/sopenabarcelona.org\/es\/?s={search_term_string}"},"query-input":{"@type":"PropertyValueSpecification","valueRequired":true,"valueName":"search_term_string"}}],"inLanguage":"es"},{"@type":"Organization","@id":"https:\/\/sopenabarcelona.org\/es\/#organization","name":"Escola Sope\u00f1a Barcelona","url":"https:\/\/sopenabarcelona.org\/es\/","logo":{"@type":"ImageObject","inLanguage":"es","@id":"https:\/\/sopenabarcelona.org\/es\/#\/schema\/logo\/image\/","url":"https:\/\/sopenabarcelona.org\/wp-content\/uploads\/2022\/03\/Fundacio-Dolores-Sopena-1-1.png","contentUrl":"https:\/\/sopenabarcelona.org\/wp-content\/uploads\/2022\/03\/Fundacio-Dolores-Sopena-1-1.png","width":250,"height":93,"caption":"Escola Sope\u00f1a Barcelona"},"image":{"@id":"https:\/\/sopenabarcelona.org\/es\/#\/schema\/logo\/image\/"}}]}},"_links":{"self":[{"href":"https:\/\/sopenabarcelona.org\/es\/wp-json\/wp\/v2\/pages\/11410","targetHints":{"allow":["GET"]}}],"collection":[{"href":"https:\/\/sopenabarcelona.org\/es\/wp-json\/wp\/v2\/pages"}],"about":[{"href":"https:\/\/sopenabarcelona.org\/es\/wp-json\/wp\/v2\/types\/page"}],"author":[{"embeddable":true,"href":"https:\/\/sopenabarcelona.org\/es\/wp-json\/wp\/v2\/users\/1"}],"replies":[{"embeddable":true,"href":"https:\/\/sopenabarcelona.org\/es\/wp-json\/wp\/v2\/comments?post=11410"}],"version-history":[{"count":32,"href":"https:\/\/sopenabarcelona.org\/es\/wp-json\/wp\/v2\/pages\/11410\/revisions"}],"predecessor-version":[{"id":22772,"href":"https:\/\/sopenabarcelona.org\/es\/wp-json\/wp\/v2\/pages\/11410\/revisions\/22772"}],"up":[{"embeddable":true,"href":"https:\/\/sopenabarcelona.org\/es\/wp-json\/wp\/v2\/pages\/11404"}],"wp:featuredmedia":[{"embeddable":true,"href":"https:\/\/sopenabarcelona.org\/es\/wp-json\/wp\/v2\/media\/10418"}],"wp:attachment":[{"href":"https:\/\/sopenabarcelona.org\/es\/wp-json\/wp\/v2\/media?parent=11410"}],"curies":[{"name":"wp","href":"https:\/\/api.w.org\/{rel}","templated":true}]}}