{"id":11428,"date":"2022-07-04T17:46:51","date_gmt":"2022-07-04T17:46:51","guid":{"rendered":"https:\/\/sopenabarcelona.org\/secretaria\/preinscripcion-y-matricula\/eso\/proceso-de-preinscripcion-eso\/"},"modified":"2026-03-03T11:06:37","modified_gmt":"2026-03-03T11:06:37","slug":"proceso-de-preinscripcion","status":"publish","type":"page","link":"https:\/\/sopenabarcelona.org\/es\/secretaria\/preinscripcion-y-matricula\/eso\/proceso-de-preinscripcion\/","title":{"rendered":"Proceso de preinscripci\u00f3n ESO"},"content":{"rendered":"\t\t<div data-elementor-type=\"wp-page\" data-elementor-id=\"11428\" class=\"elementor elementor-11428 elementor-7971\" data-elementor-post-type=\"page\">\n\t\t\t\t\t\t<section class=\"elementor-section elementor-top-section elementor-element elementor-element-60ccef7b elementor-section-boxed elementor-section-height-default elementor-section-height-default\" data-id=\"60ccef7b\" data-element_type=\"section\" data-e-type=\"section\" data-settings=\"{&quot;background_background&quot;:&quot;classic&quot;,&quot;shape_divider_bottom&quot;:&quot;mountains&quot;}\">\n\t\t\t\t\t<div class=\"elementor-shape elementor-shape-bottom\" aria-hidden=\"true\" data-negative=\"false\">\n\t\t\t<svg xmlns=\"http:\/\/www.w3.org\/2000\/svg\" viewBox=\"0 0 1000 100\" preserveAspectRatio=\"none\">\n\t<path class=\"elementor-shape-fill\" opacity=\"0.33\" d=\"M473,67.3c-203.9,88.3-263.1-34-320.3,0C66,119.1,0,59.7,0,59.7V0h1000v59.7 c0,0-62.1,26.1-94.9,29.3c-32.8,3.3-62.8-12.3-75.8-22.1C806,49.6,745.3,8.7,694.9,4.7S492.4,59,473,67.3z\"\/>\n\t<path class=\"elementor-shape-fill\" opacity=\"0.66\" d=\"M734,67.3c-45.5,0-77.2-23.2-129.1-39.1c-28.6-8.7-150.3-10.1-254,39.1 s-91.7-34.4-149.2,0C115.7,118.3,0,39.8,0,39.8V0h1000v36.5c0,0-28.2-18.5-92.1-18.5C810.2,18.1,775.7,67.3,734,67.3z\"\/>\n\t<path class=\"elementor-shape-fill\" d=\"M766.1,28.9c-200-57.5-266,65.5-395.1,19.5C242,1.8,242,5.4,184.8,20.6C128,35.8,132.3,44.9,89.9,52.5C28.6,63.7,0,0,0,0 h1000c0,0-9.9,40.9-83.6,48.1S829.6,47,766.1,28.9z\"\/>\n<\/svg>\t\t<\/div>\n\t\t\t\t\t<div class=\"elementor-container elementor-column-gap-wider\">\n\t\t\t\t\t<div class=\"elementor-column elementor-col-100 elementor-top-column elementor-element elementor-element-c8c9b45\" data-id=\"c8c9b45\" data-element_type=\"column\" data-e-type=\"column\">\n\t\t\t<div class=\"elementor-widget-wrap elementor-element-populated\">\n\t\t\t\t\t\t<div class=\"elementor-element elementor-element-1b38ef10 elementor-widget elementor-widget-heading\" data-id=\"1b38ef10\" data-element_type=\"widget\" data-e-type=\"widget\" data-widget_type=\"heading.default\">\n\t\t\t\t<div class=\"elementor-widget-container\">\n\t\t\t\t\t<h2 class=\"elementor-heading-title elementor-size-default\">Proceso de preinscripci\u00f3n ESO<\/h2>\t\t\t\t<\/div>\n\t\t\t\t<\/div>\n\t\t\t\t<div class=\"elementor-element elementor-element-4bb98c3 elementor-widget elementor-widget-heading\" data-id=\"4bb98c3\" data-element_type=\"widget\" data-e-type=\"widget\" data-widget_type=\"heading.default\">\n\t\t\t\t<div class=\"elementor-widget-container\">\n\t\t\t\t\t<h4 class=\"elementor-heading-title elementor-size-medium\">2026-2027<\/h4>\t\t\t\t<\/div>\n\t\t\t\t<\/div>\n\t\t\t\t\t<\/div>\n\t\t<\/div>\n\t\t\t\t\t<\/div>\n\t\t<\/section>\n\t\t\t\t<section class=\"elementor-section elementor-top-section elementor-element elementor-element-7130320 elementor-section-boxed elementor-section-height-default elementor-section-height-default\" data-id=\"7130320\" data-element_type=\"section\" data-e-type=\"section\">\n\t\t\t\t\t\t<div class=\"elementor-container elementor-column-gap-default\">\n\t\t\t\t\t<div class=\"elementor-column elementor-col-33 elementor-top-column elementor-element elementor-element-5d8a692\" data-id=\"5d8a692\" data-element_type=\"column\" data-e-type=\"column\">\n\t\t\t<div class=\"elementor-widget-wrap elementor-element-populated\">\n\t\t\t\t\t\t<div class=\"elementor-element elementor-element-7e26833 elementor-widget__width-inherit elementor-widget elementor-widget-button\" data-id=\"7e26833\" data-element_type=\"widget\" data-e-type=\"widget\" data-widget_type=\"button.default\">\n\t\t\t\t<div class=\"elementor-widget-container\">\n\t\t\t\t\t\t\t\t\t<div class=\"elementor-button-wrapper\">\n\t\t\t\t\t<a class=\"elementor-button elementor-size-sm\" role=\"button\">\n\t\t\t\t\t\t<span class=\"elementor-button-content-wrapper\">\n\t\t\t\t\t\t\t\t\t<span class=\"elementor-button-text\">Proceso de preinscripci\u00f3n | Plazos<\/span>\n\t\t\t\t\t<\/span>\n\t\t\t\t\t<\/a>\n\t\t\t\t<\/div>\n\t\t\t\t\t\t\t\t<\/div>\n\t\t\t\t<\/div>\n\t\t\t\t<div class=\"elementor-element elementor-element-37088f7 elementor-button-warning elementor-widget__width-inherit elementor-widget elementor-widget-button\" data-id=\"37088f7\" data-element_type=\"widget\" data-e-type=\"widget\" data-widget_type=\"button.default\">\n\t\t\t\t<div class=\"elementor-widget-container\">\n\t\t\t\t\t\t\t\t\t<div class=\"elementor-button-wrapper\">\n\t\t\t\t\t<a class=\"elementor-button elementor-button-link elementor-size-sm\" href=\"https:\/\/sopenabarcelona.org\/es\/secretaria\/preinscripcion-y-matricula\/eso\/criterios-de-prioridad\/\">\n\t\t\t\t\t\t<span class=\"elementor-button-content-wrapper\">\n\t\t\t\t\t\t\t\t\t<span class=\"elementor-button-text\">Criterios de prioridad<\/span>\n\t\t\t\t\t<\/span>\n\t\t\t\t\t<\/a>\n\t\t\t\t<\/div>\n\t\t\t\t\t\t\t\t<\/div>\n\t\t\t\t<\/div>\n\t\t\t\t<div class=\"elementor-element elementor-element-4c1abd1 elementor-button-warning elementor-widget__width-inherit elementor-widget elementor-widget-button\" data-id=\"4c1abd1\" data-element_type=\"widget\" data-e-type=\"widget\" data-widget_type=\"button.default\">\n\t\t\t\t<div class=\"elementor-widget-container\">\n\t\t\t\t\t\t\t\t\t<div class=\"elementor-button-wrapper\">\n\t\t\t\t\t<a class=\"elementor-button elementor-button-link elementor-size-sm\" href=\"https:\/\/sopenabarcelona.org\/es\/secretaria\/preinscripcion-y-matricula\/eso\/matricula\/\">\n\t\t\t\t\t\t<span class=\"elementor-button-content-wrapper\">\n\t\t\t\t\t\t\t\t\t<span class=\"elementor-button-text\">Matr\u00edcula<\/span>\n\t\t\t\t\t<\/span>\n\t\t\t\t\t<\/a>\n\t\t\t\t<\/div>\n\t\t\t\t\t\t\t\t<\/div>\n\t\t\t\t<\/div>\n\t\t\t\t<div class=\"elementor-element elementor-element-4d2c3ee elementor-button-warning elementor-widget__width-inherit elementor-align-left elementor-widget elementor-widget-button\" data-id=\"4d2c3ee\" data-element_type=\"widget\" data-e-type=\"widget\" data-widget_type=\"button.default\">\n\t\t\t\t<div class=\"elementor-widget-container\">\n\t\t\t\t\t\t\t\t\t<div class=\"elementor-button-wrapper\">\n\t\t\t\t\t<a class=\"elementor-button elementor-button-link elementor-size-sm\" href=\"https:\/\/sopenabarcelona.org\/es\/secretaria\/preinscripcion-y-matricula\/eso\/gestion-de-vacantes-y-lista-de-espera\/\">\n\t\t\t\t\t\t<span class=\"elementor-button-content-wrapper\">\n\t\t\t\t\t\t\t\t\t<span class=\"elementor-button-text\">Gesti\u00f3n de vacantes y lista de espera<\/span>\n\t\t\t\t\t<\/span>\n\t\t\t\t\t<\/a>\n\t\t\t\t<\/div>\n\t\t\t\t\t\t\t\t<\/div>\n\t\t\t\t<\/div>\n\t\t\t\t<div class=\"elementor-element elementor-element-263f841 elementor-button-warning elementor-widget__width-inherit elementor-widget elementor-widget-button\" data-id=\"263f841\" data-element_type=\"widget\" data-e-type=\"widget\" data-widget_type=\"button.default\">\n\t\t\t\t<div class=\"elementor-widget-container\">\n\t\t\t\t\t\t\t\t\t<div class=\"elementor-button-wrapper\">\n\t\t\t\t\t<a class=\"elementor-button elementor-button-link elementor-size-sm\" href=\"https:\/\/sopenabarcelona.org\/es\/secretaria\/preinscripcion-y-matricula\/eso\/enlaces-de-interes-y-dudas\/\">\n\t\t\t\t\t\t<span class=\"elementor-button-content-wrapper\">\n\t\t\t\t\t\t\t\t\t<span class=\"elementor-button-text\">Enlaces de inter\u00e9s y dudas<\/span>\n\t\t\t\t\t<\/span>\n\t\t\t\t\t<\/a>\n\t\t\t\t<\/div>\n\t\t\t\t\t\t\t\t<\/div>\n\t\t\t\t<\/div>\n\t\t\t\t\t<\/div>\n\t\t<\/div>\n\t\t\t\t<div class=\"elementor-column elementor-col-66 elementor-top-column elementor-element elementor-element-c2b67fd\" data-id=\"c2b67fd\" data-element_type=\"column\" data-e-type=\"column\">\n\t\t\t<div class=\"elementor-widget-wrap elementor-element-populated\">\n\t\t\t\t\t\t<div class=\"elementor-element elementor-element-5def57c elementor-widget elementor-widget-text-editor\" data-id=\"5def57c\" data-element_type=\"widget\" data-e-type=\"widget\" data-widget_type=\"text-editor.default\">\n\t\t\t\t<div class=\"elementor-widget-container\">\n\t\t\t\t\t\t\t\t\t<h4>Proceso de preinscripci\u00f3n<\/h4><div><p>El primer paso para poder optar a una plaza escolar es la presentaci\u00f3n de la solicitud de preinscripci\u00f3n dentro del per\u00edodo establecido por el Departamento de Educaci\u00f3n de la Generalitat de Catalunya. Junto con la solicitud de preinscripci\u00f3n es necesario enviar escaneada la documentaci\u00f3n en el plazo establecido.<\/p><p>Cuando el n\u00famero de solicitudes de admisi\u00f3n es superior a la oferta de plazas se aplican, por orden: criterios de prioridad espec\u00edficos, criterios generales y criterios complementarios.<\/p><p>\u00a0\u2013 En los \u00faltimos cursos, todos los alumnos que han optado como primera opci\u00f3n en 1r. de ESO nuestro centro, han sido admitidos.<\/p><\/div>\t\t\t\t\t\t\t\t<\/div>\n\t\t\t\t<\/div>\n\t\t\t\t<div class=\"elementor-element elementor-element-fcacd27 elementor-widget elementor-widget-spacer\" data-id=\"fcacd27\" data-element_type=\"widget\" data-e-type=\"widget\" data-widget_type=\"spacer.default\">\n\t\t\t\t<div class=\"elementor-widget-container\">\n\t\t\t\t\t\t\t<div class=\"elementor-spacer\">\n\t\t\t<div class=\"elementor-spacer-inner\"><\/div>\n\t\t<\/div>\n\t\t\t\t\t\t<\/div>\n\t\t\t\t<\/div>\n\t\t\t\t<div class=\"elementor-element elementor-element-249d7c6 elementor-widget elementor-widget-spacer\" data-id=\"249d7c6\" data-element_type=\"widget\" data-e-type=\"widget\" data-widget_type=\"spacer.default\">\n\t\t\t\t<div class=\"elementor-widget-container\">\n\t\t\t\t\t\t\t<div class=\"elementor-spacer\">\n\t\t\t<div class=\"elementor-spacer-inner\"><\/div>\n\t\t<\/div>\n\t\t\t\t\t\t<\/div>\n\t\t\t\t<\/div>\n\t\t\t\t<div class=\"elementor-element elementor-element-40d27cb elementor-align-center elementor-widget elementor-widget-button\" data-id=\"40d27cb\" data-element_type=\"widget\" data-e-type=\"widget\" data-widget_type=\"button.default\">\n\t\t\t\t<div class=\"elementor-widget-container\">\n\t\t\t\t\t\t\t\t\t<div class=\"elementor-button-wrapper\">\n\t\t\t\t\t<a class=\"elementor-button elementor-button-link elementor-size-sm\" href=\"https:\/\/sopenabarcelona.org\/es\/secretaria\/preinscripcion-y-matricula\/eso\/\">\n\t\t\t\t\t\t<span class=\"elementor-button-content-wrapper\">\n\t\t\t\t\t\t<span class=\"elementor-button-icon\">\n\t\t\t\t<i aria-hidden=\"true\" class=\"far fa-calendar-alt\"><\/i>\t\t\t<\/span>\n\t\t\t\t\t\t\t\t\t<span class=\"elementor-button-text\">Consulta calendario<\/span>\n\t\t\t\t\t<\/span>\n\t\t\t\t\t<\/a>\n\t\t\t\t<\/div>\n\t\t\t\t\t\t\t\t<\/div>\n\t\t\t\t<\/div>\n\t\t\t\t<div class=\"elementor-element elementor-element-9232c4b elementor-widget elementor-widget-spacer\" data-id=\"9232c4b\" data-element_type=\"widget\" data-e-type=\"widget\" data-widget_type=\"spacer.default\">\n\t\t\t\t<div class=\"elementor-widget-container\">\n\t\t\t\t\t\t\t<div class=\"elementor-spacer\">\n\t\t\t<div class=\"elementor-spacer-inner\"><\/div>\n\t\t<\/div>\n\t\t\t\t\t\t<\/div>\n\t\t\t\t<\/div>\n\t\t\t\t<section class=\"elementor-section elementor-inner-section elementor-element elementor-element-e4be908 elementor-section-boxed elementor-section-height-default elementor-section-height-default\" data-id=\"e4be908\" data-element_type=\"section\" data-e-type=\"section\">\n\t\t\t\t\t\t<div class=\"elementor-container elementor-column-gap-wider\">\n\t\t\t\t\t<div class=\"elementor-column elementor-col-33 elementor-inner-column elementor-element elementor-element-aa430d6\" data-id=\"aa430d6\" data-element_type=\"column\" data-e-type=\"column\" data-settings=\"{&quot;background_background&quot;:&quot;classic&quot;}\">\n\t\t\t<div class=\"elementor-widget-wrap elementor-element-populated\">\n\t\t\t\t\t<div class=\"elementor-background-overlay\"><\/div>\n\t\t\t\t\t\t<div class=\"elementor-element elementor-element-cc302f8 elementor-widget elementor-widget-heading\" data-id=\"cc302f8\" data-element_type=\"widget\" data-e-type=\"widget\" data-widget_type=\"heading.default\">\n\t\t\t\t<div class=\"elementor-widget-container\">\n\t\t\t\t\t<h4 class=\"elementor-heading-title elementor-size-medium\">Oferta de plazas<\/h4>\t\t\t\t<\/div>\n\t\t\t\t<\/div>\n\t\t\t\t<div class=\"elementor-element elementor-element-901a0bf elementor-widget elementor-widget-spacer\" data-id=\"901a0bf\" data-element_type=\"widget\" data-e-type=\"widget\" data-widget_type=\"spacer.default\">\n\t\t\t\t<div class=\"elementor-widget-container\">\n\t\t\t\t\t\t\t<div class=\"elementor-spacer\">\n\t\t\t<div class=\"elementor-spacer-inner\"><\/div>\n\t\t<\/div>\n\t\t\t\t\t\t<\/div>\n\t\t\t\t<\/div>\n\t\t\t\t<div class=\"elementor-element elementor-element-a942efe elementor-align-start elementor-icon-list--layout-traditional elementor-list-item-link-full_width elementor-widget elementor-widget-icon-list\" data-id=\"a942efe\" data-element_type=\"widget\" data-e-type=\"widget\" data-widget_type=\"icon-list.default\">\n\t\t\t\t<div class=\"elementor-widget-container\">\n\t\t\t\t\t\t\t<ul class=\"elementor-icon-list-items\">\n\t\t\t\t\t\t\t<li class=\"elementor-icon-list-item\">\n\t\t\t\t\t\t\t\t\t\t\t<a href=\"https:\/\/sopenabarcelona.org\/documents\/llistes\/oferta_ESO.pdf\" target=\"_blank\">\n\n\t\t\t\t\t\t\t\t\t\t\t\t<span class=\"elementor-icon-list-icon\">\n\t\t\t\t\t\t\t<i aria-hidden=\"true\" class=\"fas fa-check\"><\/i>\t\t\t\t\t\t<\/span>\n\t\t\t\t\t\t\t\t\t\t<span class=\"elementor-icon-list-text\"> Oferta inicial de plazas ESO : 3 marzo 2026<\/span>\n\t\t\t\t\t\t\t\t\t\t\t<\/a>\n\t\t\t\t\t\t\t\t\t<\/li>\n\t\t\t\t\t\t\t\t<li class=\"elementor-icon-list-item\">\n\t\t\t\t\t\t\t\t\t\t\t<a href=\"https:\/\/www.edubcn.cat\/ca\/alumnat_i_familia\/informacio_general_matriculacio\/arees_influencia\/consulta_de_centres_educatius_eso#\/cerca\">\n\n\t\t\t\t\t\t\t\t\t\t\t\t<span class=\"elementor-icon-list-icon\">\n\t\t\t\t\t\t\t<i aria-hidden=\"true\" class=\"fas fa-check\"><\/i>\t\t\t\t\t\t<\/span>\n\t\t\t\t\t\t\t\t\t\t<span class=\"elementor-icon-list-text\">Tambi\u00e9n puedes consultar en el mapa escolar de preinscripci\u00f3n. <\/span>\n\t\t\t\t\t\t\t\t\t\t\t<\/a>\n\t\t\t\t\t\t\t\t\t<\/li>\n\t\t\t\t\t\t\t\t<li class=\"elementor-icon-list-item\">\n\t\t\t\t\t\t\t\t\t\t\t<span class=\"elementor-icon-list-icon\">\n\t\t\t\t\t\t\t<i aria-hidden=\"true\" class=\"fas fa-check\"><\/i>\t\t\t\t\t\t<\/span>\n\t\t\t\t\t\t\t\t\t\t<span class=\"elementor-icon-list-text\">Nuestro c\u00f3digo de centro es 08014255 - <br>Nombre del centro: Escola Sope\u00f1a Barcelona<\/span>\n\t\t\t\t\t\t\t\t\t<\/li>\n\t\t\t\t\t\t<\/ul>\n\t\t\t\t\t\t<\/div>\n\t\t\t\t<\/div>\n\t\t\t\t\t<\/div>\n\t\t<\/div>\n\t\t\t\t<div class=\"elementor-column elementor-col-33 elementor-inner-column elementor-element elementor-element-ea56629\" data-id=\"ea56629\" data-element_type=\"column\" data-e-type=\"column\">\n\t\t\t<div class=\"elementor-widget-wrap\">\n\t\t\t\t\t\t\t<\/div>\n\t\t<\/div>\n\t\t\t\t<div class=\"elementor-column elementor-col-33 elementor-inner-column elementor-element elementor-element-59f8c57\" data-id=\"59f8c57\" data-element_type=\"column\" data-e-type=\"column\" data-settings=\"{&quot;background_background&quot;:&quot;classic&quot;}\">\n\t\t\t<div class=\"elementor-widget-wrap elementor-element-populated\">\n\t\t\t\t\t\t<div class=\"elementor-element elementor-element-44d41ae elementor-widget elementor-widget-heading\" data-id=\"44d41ae\" data-element_type=\"widget\" data-e-type=\"widget\" data-widget_type=\"heading.default\">\n\t\t\t\t<div class=\"elementor-widget-container\">\n\t\t\t\t\t<h4 class=\"elementor-heading-title elementor-size-medium\">Periodo de preinscripci\u00f3n\n<\/h4>\t\t\t\t<\/div>\n\t\t\t\t<\/div>\n\t\t\t\t<div class=\"elementor-element elementor-element-1250a47 elementor-widget elementor-widget-spacer\" data-id=\"1250a47\" data-element_type=\"widget\" data-e-type=\"widget\" data-widget_type=\"spacer.default\">\n\t\t\t\t<div class=\"elementor-widget-container\">\n\t\t\t\t\t\t\t<div class=\"elementor-spacer\">\n\t\t\t<div class=\"elementor-spacer-inner\"><\/div>\n\t\t<\/div>\n\t\t\t\t\t\t<\/div>\n\t\t\t\t<\/div>\n\t\t\t\t<div class=\"elementor-element elementor-element-50fcb35 elementor-widget elementor-widget-text-editor\" data-id=\"50fcb35\" data-element_type=\"widget\" data-e-type=\"widget\" data-widget_type=\"text-editor.default\">\n\t\t\t\t<div class=\"elementor-widget-container\">\n\t\t\t\t\t\t\t\t\t<p><strong>De 6 al 18 de marzo de 2026: <\/strong><a href=\"https:\/\/preinscripcio.gencat.cat\/ca\/estudis\/eso\/preinscriute\/sollicitud\/index.html#googtrans(ca|es)\" target=\"_blank\" rel=\"noopener\">presentaci\u00f3n de solicitudes\u00a0<\/a><\/p><p class=\"zfr3Q CDt4Ke \" dir=\"ltr\">El enlace del formulario para formalizar la preinscripci\u00f3n se activar\u00e1 el 06 de marzo<\/p>\t\t\t\t\t\t\t\t<\/div>\n\t\t\t\t<\/div>\n\t\t\t\t<div class=\"elementor-element elementor-element-075cd50 elementor-widget elementor-widget-spacer\" data-id=\"075cd50\" data-element_type=\"widget\" data-e-type=\"widget\" data-widget_type=\"spacer.default\">\n\t\t\t\t<div class=\"elementor-widget-container\">\n\t\t\t\t\t\t\t<div class=\"elementor-spacer\">\n\t\t\t<div class=\"elementor-spacer-inner\"><\/div>\n\t\t<\/div>\n\t\t\t\t\t\t<\/div>\n\t\t\t\t<\/div>\n\t\t\t\t\t<\/div>\n\t\t<\/div>\n\t\t\t\t\t<\/div>\n\t\t<\/section>\n\t\t\t\t<div class=\"elementor-element elementor-element-e65ad85 elementor-widget elementor-widget-spacer\" data-id=\"e65ad85\" data-element_type=\"widget\" data-e-type=\"widget\" data-widget_type=\"spacer.default\">\n\t\t\t\t<div class=\"elementor-widget-container\">\n\t\t\t\t\t\t\t<div class=\"elementor-spacer\">\n\t\t\t<div class=\"elementor-spacer-inner\"><\/div>\n\t\t<\/div>\n\t\t\t\t\t\t<\/div>\n\t\t\t\t<\/div>\n\t\t\t\t<section class=\"elementor-section elementor-inner-section elementor-element elementor-element-70422a8 elementor-section-boxed elementor-section-height-default elementor-section-height-default\" data-id=\"70422a8\" data-element_type=\"section\" data-e-type=\"section\">\n\t\t\t\t\t\t<div class=\"elementor-container elementor-column-gap-wider\">\n\t\t\t\t\t<div class=\"elementor-column elementor-col-33 elementor-inner-column elementor-element elementor-element-cf51e35\" data-id=\"cf51e35\" data-element_type=\"column\" data-e-type=\"column\" data-settings=\"{&quot;background_background&quot;:&quot;classic&quot;}\">\n\t\t\t<div class=\"elementor-widget-wrap elementor-element-populated\">\n\t\t\t\t\t<div class=\"elementor-background-overlay\"><\/div>\n\t\t\t\t\t\t<div class=\"elementor-element elementor-element-7d60ff8 elementor-widget elementor-widget-heading\" data-id=\"7d60ff8\" data-element_type=\"widget\" data-e-type=\"widget\" data-widget_type=\"heading.default\">\n\t\t\t\t<div class=\"elementor-widget-container\">\n\t\t\t\t\t<h4 class=\"elementor-heading-title elementor-size-medium\">Este tr\u00e1mite ser\u00e1 totalmente telem\u00e1tico y se podr\u00e1 realizar:\n\n<\/h4>\t\t\t\t<\/div>\n\t\t\t\t<\/div>\n\t\t\t\t<div class=\"elementor-element elementor-element-2239d56 elementor-widget elementor-widget-spacer\" data-id=\"2239d56\" data-element_type=\"widget\" data-e-type=\"widget\" data-widget_type=\"spacer.default\">\n\t\t\t\t<div class=\"elementor-widget-container\">\n\t\t\t\t\t\t\t<div class=\"elementor-spacer\">\n\t\t\t<div class=\"elementor-spacer-inner\"><\/div>\n\t\t<\/div>\n\t\t\t\t\t\t<\/div>\n\t\t\t\t<\/div>\n\t\t\t\t<div class=\"elementor-element elementor-element-45d18d3 elementor-widget elementor-widget-text-editor\" data-id=\"45d18d3\" data-element_type=\"widget\" data-e-type=\"widget\" data-widget_type=\"text-editor.default\">\n\t\t\t\t<div class=\"elementor-widget-container\">\n\t\t\t\t\t\t\t\t\t<div class=\"hJDwNd-AhqUyc-zQtlcf purZT-AhqUyc-II5mzb pSzOP-AhqUyc-qWD73c JNdkSc\"><div class=\"JNdkSc-SmKAyb\"><div><div class=\"oKdM2c Kzv0Me\"><div id=\"h.409285ba45f484c1_13\" class=\"hJDwNd-AhqUyc-zQtlcf jXK9ad D2fZ2 OjCsFc wHaque GNzUNc\"><div class=\"jXK9ad-SmKAyb\"><div class=\"tyJCtd mGzaTb baZpAe\"><p dir=\"ltr\">Para realizar la preinscripci\u00f3n telem\u00e1tica es necesario seguir las siguientes indicaciones<\/p><ol dir=\"ltr\"><li>Abre el formulario de <a href=\"https:\/\/preinscripcio.gencat.cat\/ca\/estudis\/eso\/preinscriute\/sollicitud\/index.html#googtrans(ca|es)\" target=\"_blank\" rel=\"noopener\">solicitud de preinscripci\u00f3n.<\/a><\/li><li>Obtener el idCAT M\u00f3vil (en caso de no tenerlo) <a href=\"https:\/\/idcatmobil.seu.cat\/\" target=\"_blank\" rel=\"noopener\">clicando enlace para darse de alta<\/a>, o en caso de duda puede consultar el siguiente <a href=\"https:\/\/www.youtube.com\/watch?v=FBoX4PFR1DY\" target=\"_blank\" rel=\"noopener\">v\u00eddeo explicativo<\/a><\/li><li>Hacer clic en el apartado \u00abPor internet \/ Ve\u00bb una vez obtenido el idCAT M\u00f3vil.<\/li><li>Obtener el n\u00famero identificador del alumno\/a en su escuela de origen o bien <a href=\"http:\/\/educacio.gencat.cat\/ca\/tramits\/tramits-temes\/identificador-alumne?evolutiuTramit=1\">clicando en <\/a><a href=\"http:\/\/www.google.com\/url?q=http%3A%2F%2Feducacio.gencat.cat%2Fca%2Ftramits%2Ftramits-temes%2Fidentificador-alumne%3FevolutiuTramit%3D1&amp;sa=D&amp;sntz=1&amp;usg=AFQjCNFXVrjzr5IZvF7pJ7jIGFwVLzkzew\" target=\"_blank\" rel=\"noopener\">RALC.<\/a><\/li><li>En el apartado de Plaza Solicitada de la solicitud de preinscripci\u00f3n, debe indicarse <strong>el C\u00f3digo de Centro 08014255<\/strong> <strong>y el Nombre del Centro: Sope\u00f1a Barcelona.<\/strong><\/li><\/ol><p>Es importante solicitar m\u00e1s de un centro en la solicitud de preinscripci\u00f3n, indicando por orden de preferencia el nombre y el c\u00f3digo de los centros. (<span class=\"aw5Odc\"><a class=\"XqQF9c\" href=\"http:\/\/educacio.gencat.cat\/ca\/arees-actuacio\/centres-serveis-educatius\/centres\/directoris-centres\/\" target=\"_blank\" rel=\"noopener\">Puedes consultarlos en este enlace.)<\/a><\/span><\/p><\/div><\/div><\/div><\/div><\/div><\/div><\/div><p id=\"h.k97h7vcuvmc5\" dir=\"ltr\" tabindex=\"-1\">En caso de no disponer de medios para hacerlo telem\u00e1ticamente o para cualquier duda, puede llamar al tel. 93 339 05 4 enviar un email a bcn.secretaria@sopenabarcelona.org<\/p>\t\t\t\t\t\t\t\t<\/div>\n\t\t\t\t<\/div>\n\t\t\t\t\t<\/div>\n\t\t<\/div>\n\t\t\t\t<div class=\"elementor-column elementor-col-33 elementor-inner-column elementor-element elementor-element-3432a03\" data-id=\"3432a03\" data-element_type=\"column\" data-e-type=\"column\">\n\t\t\t<div class=\"elementor-widget-wrap\">\n\t\t\t\t\t\t\t<\/div>\n\t\t<\/div>\n\t\t\t\t<div class=\"elementor-column elementor-col-33 elementor-inner-column elementor-element elementor-element-8daaddf\" data-id=\"8daaddf\" data-element_type=\"column\" data-e-type=\"column\" data-settings=\"{&quot;background_background&quot;:&quot;classic&quot;}\">\n\t\t\t<div class=\"elementor-widget-wrap elementor-element-populated\">\n\t\t\t\t\t\t<div class=\"elementor-element elementor-element-a83aba2 elementor-widget elementor-widget-heading\" data-id=\"a83aba2\" data-element_type=\"widget\" data-e-type=\"widget\" data-widget_type=\"heading.default\">\n\t\t\t\t<div class=\"elementor-widget-container\">\n\t\t\t\t\t<h4 class=\"elementor-heading-title elementor-size-medium\">Documentaci\u00f3n de preinscripci\u00f3n\n\n<\/h4>\t\t\t\t<\/div>\n\t\t\t\t<\/div>\n\t\t\t\t<div class=\"elementor-element elementor-element-1277f26 elementor-widget elementor-widget-spacer\" data-id=\"1277f26\" data-element_type=\"widget\" data-e-type=\"widget\" data-widget_type=\"spacer.default\">\n\t\t\t\t<div class=\"elementor-widget-container\">\n\t\t\t\t\t\t\t<div class=\"elementor-spacer\">\n\t\t\t<div class=\"elementor-spacer-inner\"><\/div>\n\t\t<\/div>\n\t\t\t\t\t\t<\/div>\n\t\t\t\t<\/div>\n\t\t\t\t<div class=\"elementor-element elementor-element-177f703 elementor-widget elementor-widget-text-editor\" data-id=\"177f703\" data-element_type=\"widget\" data-e-type=\"widget\" data-widget_type=\"text-editor.default\">\n\t\t\t\t<div class=\"elementor-widget-container\">\n\t\t\t\t\t\t\t\t\t<p>EN EL DISPOSITIVO QUE UTILIZARAS PARA HACER LA PREINSCRIPCI\u00d3N, DEBES TENER PREPARADA Y ESCANEADA POR AMBAS CARAS LA SIGUIENTE DOCUMENTACI\u00d3N<\/p><p>DOCUMENTACI\u00d3N IDENTIFICATIVA NECESARIA:<\/p><ul><li>Libro de familia u otros documentos relativos a la filiaci\u00f3n.<\/li><li>Cuando el alumno\/a est\u00e9 en situaci\u00f3n de acogimiento, el documento a aportar es la resoluci\u00f3n de acogimiento del Departamento de Trabajo, Asuntos Sociales y Familias.<\/li><li>DNI del padre, madre o tutor\/a del alumno\/a.<\/li><li>Si el solicitante es extranjero, necesitar\u00e1 la tarjeta de residencia donde consta el NIE o el pasaporte, y\u00a0\u00a0\u00a0\u00a0\u00a0\u00a0 si es extranjero de un pa\u00eds miembro de la Uni\u00f3n Europea deber\u00e1 adjuntar el documento de identidad del pa\u00eds de origen.<\/li><\/ul><p>DOCUMENTACI\u00d3N ACREDITATIVA PARA LOS CRITERIOS DE BAREMACI\u00d3N:<\/p><ul><li>Carn\u00e9 de familia numerosa o monoparental vigente.<\/li><li>Certificado de ubicaci\u00f3n de puesto de trabajo del padre, madre o tutor\/a legal, si est\u00e1 dentro del \u00e1rea de influencia del centro.<\/li><li>Certificado m\u00e9dico en caso de discapacidad del alumno\/a, madre, padre o hermanos.<\/li><li>Certificado de la renta anual en caso de que el padre, madre o tutor\/a legal, sea beneficiario de la ayuda de la renta m\u00ednima de inserci\u00f3n.<\/li><li>Certificaci\u00f3n de v\u00edctima de violencia de genero o terrorismo.<\/li><\/ul>\t\t\t\t\t\t\t\t<\/div>\n\t\t\t\t<\/div>\n\t\t\t\t<div class=\"elementor-element elementor-element-df06103 elementor-widget elementor-widget-spacer\" data-id=\"df06103\" data-element_type=\"widget\" data-e-type=\"widget\" data-widget_type=\"spacer.default\">\n\t\t\t\t<div class=\"elementor-widget-container\">\n\t\t\t\t\t\t\t<div class=\"elementor-spacer\">\n\t\t\t<div class=\"elementor-spacer-inner\"><\/div>\n\t\t<\/div>\n\t\t\t\t\t\t<\/div>\n\t\t\t\t<\/div>\n\t\t\t\t<div class=\"elementor-element elementor-element-05b493d elementor-widget elementor-widget-text-editor\" data-id=\"05b493d\" data-element_type=\"widget\" data-e-type=\"widget\" data-widget_type=\"text-editor.default\">\n\t\t\t\t<div class=\"elementor-widget-container\">\n\t\t\t\t\t\t\t\t\t<p>En casos justificados y excepcionales, el centro prestar\u00e1 atenci\u00f3n personalizada y asesoramiento a las personas que tengan dificultades para la realizaci\u00f3n de las gestiones de forma telem\u00e1tica.<\/p><p>DE FORMA EXCEPCIONAL, de lunes a jueves solo con <a href=\"https:\/\/calendly.com\/calendarisopenabarcelona\/tramitssecretaria?month=2022-05\" target=\"_blank\" rel=\"external noopener\">cita previa<\/a><\/p>\t\t\t\t\t\t\t\t<\/div>\n\t\t\t\t<\/div>\n\t\t\t\t\t<\/div>\n\t\t<\/div>\n\t\t\t\t\t<\/div>\n\t\t<\/section>\n\t\t\t\t<div class=\"elementor-element elementor-element-7a28c47 elementor-widget elementor-widget-spacer\" data-id=\"7a28c47\" data-element_type=\"widget\" data-e-type=\"widget\" data-widget_type=\"spacer.default\">\n\t\t\t\t<div class=\"elementor-widget-container\">\n\t\t\t\t\t\t\t<div class=\"elementor-spacer\">\n\t\t\t<div class=\"elementor-spacer-inner\"><\/div>\n\t\t<\/div>\n\t\t\t\t\t\t<\/div>\n\t\t\t\t<\/div>\n\t\t\t\t\t<\/div>\n\t\t<\/div>\n\t\t\t\t\t<\/div>\n\t\t<\/section>\n\t\t\t\t<\/div>\n\t\t","protected":false},"excerpt":{"rendered":"<p>Proceso de preinscripci\u00f3n ESO 2026-2027 Proceso de preinscripci\u00f3n | Plazos Criterios de prioridad Matr\u00edcula Gesti\u00f3n de vacantes y lista de espera Enlaces de inter\u00e9s y dudas Proceso de preinscripci\u00f3n El primer paso para poder optar a una plaza escolar es la presentaci\u00f3n de la solicitud de preinscripci\u00f3n dentro del per\u00edodo establecido por el Departamento de&hellip;<\/p>\n","protected":false},"author":1,"featured_media":10418,"parent":11416,"menu_order":20,"comment_status":"closed","ping_status":"closed","template":"elementor_header_footer","meta":{"footnotes":""},"class_list":["post-11428","page","type-page","status-publish","has-post-thumbnail","hentry"],"yoast_head":"<!-- This site is optimized with the Yoast SEO plugin v27.5 - https:\/\/yoast.com\/product\/yoast-seo-wordpress\/ -->\n<title>Proceso de preinscripci\u00f3n ESO - Escola Sope\u00f1a Barcelona<\/title>\n<meta name=\"robots\" content=\"index, follow, max-snippet:-1, max-image-preview:large, max-video-preview:-1\" \/>\n<link rel=\"canonical\" href=\"https:\/\/sopenabarcelona.org\/es\/secretaria\/preinscripcion-y-matricula\/eso\/proceso-de-preinscripcion\/\" \/>\n<meta property=\"og:locale\" content=\"es_ES\" \/>\n<meta property=\"og:type\" content=\"article\" \/>\n<meta property=\"og:title\" content=\"Proceso de preinscripci\u00f3n ESO - Escola Sope\u00f1a Barcelona\" \/>\n<meta property=\"og:description\" content=\"Proceso de preinscripci\u00f3n ESO 2026-2027 Proceso de preinscripci\u00f3n | Plazos Criterios de prioridad Matr\u00edcula Gesti\u00f3n de vacantes y lista de espera Enlaces de inter\u00e9s y dudas Proceso de preinscripci\u00f3n El primer paso para poder optar a una plaza escolar es la presentaci\u00f3n de la solicitud de preinscripci\u00f3n dentro del per\u00edodo establecido por el Departamento de&hellip;\" \/>\n<meta property=\"og:url\" content=\"https:\/\/sopenabarcelona.org\/es\/secretaria\/preinscripcion-y-matricula\/eso\/proceso-de-preinscripcion\/\" \/>\n<meta property=\"og:site_name\" content=\"Escola Sope\u00f1a Barcelona\" \/>\n<meta property=\"article:modified_time\" content=\"2026-03-03T11:06:37+00:00\" \/>\n<meta property=\"og:image\" content=\"https:\/\/sopenabarcelona.org\/wp-content\/uploads\/2021\/11\/Dolores-Sopena.png\" \/>\n\t<meta property=\"og:image:width\" content=\"300\" \/>\n\t<meta property=\"og:image:height\" content=\"301\" \/>\n\t<meta property=\"og:image:type\" content=\"image\/png\" \/>\n<meta name=\"twitter:card\" content=\"summary_large_image\" \/>\n<meta name=\"twitter:label1\" content=\"Tiempo de lectura\" \/>\n\t<meta name=\"twitter:data1\" content=\"3 minutos\" \/>\n<script type=\"application\/ld+json\" class=\"yoast-schema-graph\">{\"@context\":\"https:\\\/\\\/schema.org\",\"@graph\":[{\"@type\":\"WebPage\",\"@id\":\"https:\\\/\\\/sopenabarcelona.org\\\/es\\\/secretaria\\\/preinscripcion-y-matricula\\\/eso\\\/proceso-de-preinscripcion\\\/\",\"url\":\"https:\\\/\\\/sopenabarcelona.org\\\/es\\\/secretaria\\\/preinscripcion-y-matricula\\\/eso\\\/proceso-de-preinscripcion\\\/\",\"name\":\"Proceso de preinscripci\u00f3n ESO - Escola Sope\u00f1a Barcelona\",\"isPartOf\":{\"@id\":\"https:\\\/\\\/sopenabarcelona.org\\\/es\\\/#website\"},\"primaryImageOfPage\":{\"@id\":\"https:\\\/\\\/sopenabarcelona.org\\\/es\\\/secretaria\\\/preinscripcion-y-matricula\\\/eso\\\/proceso-de-preinscripcion\\\/#primaryimage\"},\"image\":{\"@id\":\"https:\\\/\\\/sopenabarcelona.org\\\/es\\\/secretaria\\\/preinscripcion-y-matricula\\\/eso\\\/proceso-de-preinscripcion\\\/#primaryimage\"},\"thumbnailUrl\":\"https:\\\/\\\/sopenabarcelona.org\\\/wp-content\\\/uploads\\\/2021\\\/11\\\/Dolores-Sopena.png\",\"datePublished\":\"2022-07-04T17:46:51+00:00\",\"dateModified\":\"2026-03-03T11:06:37+00:00\",\"breadcrumb\":{\"@id\":\"https:\\\/\\\/sopenabarcelona.org\\\/es\\\/secretaria\\\/preinscripcion-y-matricula\\\/eso\\\/proceso-de-preinscripcion\\\/#breadcrumb\"},\"inLanguage\":\"es\",\"potentialAction\":[{\"@type\":\"ReadAction\",\"target\":[\"https:\\\/\\\/sopenabarcelona.org\\\/es\\\/secretaria\\\/preinscripcion-y-matricula\\\/eso\\\/proceso-de-preinscripcion\\\/\"]}]},{\"@type\":\"ImageObject\",\"inLanguage\":\"es\",\"@id\":\"https:\\\/\\\/sopenabarcelona.org\\\/es\\\/secretaria\\\/preinscripcion-y-matricula\\\/eso\\\/proceso-de-preinscripcion\\\/#primaryimage\",\"url\":\"https:\\\/\\\/sopenabarcelona.org\\\/wp-content\\\/uploads\\\/2021\\\/11\\\/Dolores-Sopena.png\",\"contentUrl\":\"https:\\\/\\\/sopenabarcelona.org\\\/wp-content\\\/uploads\\\/2021\\\/11\\\/Dolores-Sopena.png\",\"width\":300,\"height\":301},{\"@type\":\"BreadcrumbList\",\"@id\":\"https:\\\/\\\/sopenabarcelona.org\\\/es\\\/secretaria\\\/preinscripcion-y-matricula\\\/eso\\\/proceso-de-preinscripcion\\\/#breadcrumb\",\"itemListElement\":[{\"@type\":\"ListItem\",\"position\":1,\"name\":\"Inici\",\"item\":\"https:\\\/\\\/sopenabarcelona.org\\\/es\\\/\"},{\"@type\":\"ListItem\",\"position\":2,\"name\":\"Secretar\u00eda\",\"item\":\"https:\\\/\\\/sopenabarcelona.org\\\/es\\\/secretaria\\\/\"},{\"@type\":\"ListItem\",\"position\":3,\"name\":\"Preinscripci\u00f3n y matr\u00edcula\",\"item\":\"https:\\\/\\\/sopenabarcelona.org\\\/es\\\/secretaria\\\/preinscripcio-i-matricula\\\/\"},{\"@type\":\"ListItem\",\"position\":4,\"name\":\"ESO\",\"item\":\"https:\\\/\\\/sopenabarcelona.org\\\/es\\\/secretaria\\\/preinscripcio-i-matricula\\\/eso\\\/\"},{\"@type\":\"ListItem\",\"position\":5,\"name\":\"Proceso de preinscripci\u00f3n ESO\"}]},{\"@type\":\"WebSite\",\"@id\":\"https:\\\/\\\/sopenabarcelona.org\\\/es\\\/#website\",\"url\":\"https:\\\/\\\/sopenabarcelona.org\\\/es\\\/\",\"name\":\"Escola Sope\u00f1a Barcelona\",\"description\":\"Escola d&#039;ESO i Formaci\u00f3 Professional\",\"publisher\":{\"@id\":\"https:\\\/\\\/sopenabarcelona.org\\\/es\\\/#organization\"},\"potentialAction\":[{\"@type\":\"SearchAction\",\"target\":{\"@type\":\"EntryPoint\",\"urlTemplate\":\"https:\\\/\\\/sopenabarcelona.org\\\/es\\\/?s={search_term_string}\"},\"query-input\":{\"@type\":\"PropertyValueSpecification\",\"valueRequired\":true,\"valueName\":\"search_term_string\"}}],\"inLanguage\":\"es\"},{\"@type\":\"Organization\",\"@id\":\"https:\\\/\\\/sopenabarcelona.org\\\/es\\\/#organization\",\"name\":\"Escola Sope\u00f1a Barcelona\",\"url\":\"https:\\\/\\\/sopenabarcelona.org\\\/es\\\/\",\"logo\":{\"@type\":\"ImageObject\",\"inLanguage\":\"es\",\"@id\":\"https:\\\/\\\/sopenabarcelona.org\\\/es\\\/#\\\/schema\\\/logo\\\/image\\\/\",\"url\":\"https:\\\/\\\/sopenabarcelona.org\\\/wp-content\\\/uploads\\\/2022\\\/03\\\/Fundacio-Dolores-Sopena-1-1.png\",\"contentUrl\":\"https:\\\/\\\/sopenabarcelona.org\\\/wp-content\\\/uploads\\\/2022\\\/03\\\/Fundacio-Dolores-Sopena-1-1.png\",\"width\":250,\"height\":93,\"caption\":\"Escola Sope\u00f1a Barcelona\"},\"image\":{\"@id\":\"https:\\\/\\\/sopenabarcelona.org\\\/es\\\/#\\\/schema\\\/logo\\\/image\\\/\"}}]}<\/script>\n<!-- \/ Yoast SEO plugin. -->","yoast_head_json":{"title":"Proceso de preinscripci\u00f3n ESO - Escola Sope\u00f1a Barcelona","robots":{"index":"index","follow":"follow","max-snippet":"max-snippet:-1","max-image-preview":"max-image-preview:large","max-video-preview":"max-video-preview:-1"},"canonical":"https:\/\/sopenabarcelona.org\/es\/secretaria\/preinscripcion-y-matricula\/eso\/proceso-de-preinscripcion\/","og_locale":"es_ES","og_type":"article","og_title":"Proceso de preinscripci\u00f3n ESO - Escola Sope\u00f1a Barcelona","og_description":"Proceso de preinscripci\u00f3n ESO 2026-2027 Proceso de preinscripci\u00f3n | Plazos Criterios de prioridad Matr\u00edcula Gesti\u00f3n de vacantes y lista de espera Enlaces de inter\u00e9s y dudas Proceso de preinscripci\u00f3n El primer paso para poder optar a una plaza escolar es la presentaci\u00f3n de la solicitud de preinscripci\u00f3n dentro del per\u00edodo establecido por el Departamento de&hellip;","og_url":"https:\/\/sopenabarcelona.org\/es\/secretaria\/preinscripcion-y-matricula\/eso\/proceso-de-preinscripcion\/","og_site_name":"Escola Sope\u00f1a Barcelona","article_modified_time":"2026-03-03T11:06:37+00:00","og_image":[{"width":300,"height":301,"url":"https:\/\/sopenabarcelona.org\/wp-content\/uploads\/2021\/11\/Dolores-Sopena.png","type":"image\/png"}],"twitter_card":"summary_large_image","twitter_misc":{"Tiempo de lectura":"3 minutos"},"schema":{"@context":"https:\/\/schema.org","@graph":[{"@type":"WebPage","@id":"https:\/\/sopenabarcelona.org\/es\/secretaria\/preinscripcion-y-matricula\/eso\/proceso-de-preinscripcion\/","url":"https:\/\/sopenabarcelona.org\/es\/secretaria\/preinscripcion-y-matricula\/eso\/proceso-de-preinscripcion\/","name":"Proceso de preinscripci\u00f3n ESO - Escola Sope\u00f1a Barcelona","isPartOf":{"@id":"https:\/\/sopenabarcelona.org\/es\/#website"},"primaryImageOfPage":{"@id":"https:\/\/sopenabarcelona.org\/es\/secretaria\/preinscripcion-y-matricula\/eso\/proceso-de-preinscripcion\/#primaryimage"},"image":{"@id":"https:\/\/sopenabarcelona.org\/es\/secretaria\/preinscripcion-y-matricula\/eso\/proceso-de-preinscripcion\/#primaryimage"},"thumbnailUrl":"https:\/\/sopenabarcelona.org\/wp-content\/uploads\/2021\/11\/Dolores-Sopena.png","datePublished":"2022-07-04T17:46:51+00:00","dateModified":"2026-03-03T11:06:37+00:00","breadcrumb":{"@id":"https:\/\/sopenabarcelona.org\/es\/secretaria\/preinscripcion-y-matricula\/eso\/proceso-de-preinscripcion\/#breadcrumb"},"inLanguage":"es","potentialAction":[{"@type":"ReadAction","target":["https:\/\/sopenabarcelona.org\/es\/secretaria\/preinscripcion-y-matricula\/eso\/proceso-de-preinscripcion\/"]}]},{"@type":"ImageObject","inLanguage":"es","@id":"https:\/\/sopenabarcelona.org\/es\/secretaria\/preinscripcion-y-matricula\/eso\/proceso-de-preinscripcion\/#primaryimage","url":"https:\/\/sopenabarcelona.org\/wp-content\/uploads\/2021\/11\/Dolores-Sopena.png","contentUrl":"https:\/\/sopenabarcelona.org\/wp-content\/uploads\/2021\/11\/Dolores-Sopena.png","width":300,"height":301},{"@type":"BreadcrumbList","@id":"https:\/\/sopenabarcelona.org\/es\/secretaria\/preinscripcion-y-matricula\/eso\/proceso-de-preinscripcion\/#breadcrumb","itemListElement":[{"@type":"ListItem","position":1,"name":"Inici","item":"https:\/\/sopenabarcelona.org\/es\/"},{"@type":"ListItem","position":2,"name":"Secretar\u00eda","item":"https:\/\/sopenabarcelona.org\/es\/secretaria\/"},{"@type":"ListItem","position":3,"name":"Preinscripci\u00f3n y matr\u00edcula","item":"https:\/\/sopenabarcelona.org\/es\/secretaria\/preinscripcio-i-matricula\/"},{"@type":"ListItem","position":4,"name":"ESO","item":"https:\/\/sopenabarcelona.org\/es\/secretaria\/preinscripcio-i-matricula\/eso\/"},{"@type":"ListItem","position":5,"name":"Proceso de preinscripci\u00f3n ESO"}]},{"@type":"WebSite","@id":"https:\/\/sopenabarcelona.org\/es\/#website","url":"https:\/\/sopenabarcelona.org\/es\/","name":"Escola Sope\u00f1a Barcelona","description":"Escola d&#039;ESO i Formaci\u00f3 Professional","publisher":{"@id":"https:\/\/sopenabarcelona.org\/es\/#organization"},"potentialAction":[{"@type":"SearchAction","target":{"@type":"EntryPoint","urlTemplate":"https:\/\/sopenabarcelona.org\/es\/?s={search_term_string}"},"query-input":{"@type":"PropertyValueSpecification","valueRequired":true,"valueName":"search_term_string"}}],"inLanguage":"es"},{"@type":"Organization","@id":"https:\/\/sopenabarcelona.org\/es\/#organization","name":"Escola Sope\u00f1a Barcelona","url":"https:\/\/sopenabarcelona.org\/es\/","logo":{"@type":"ImageObject","inLanguage":"es","@id":"https:\/\/sopenabarcelona.org\/es\/#\/schema\/logo\/image\/","url":"https:\/\/sopenabarcelona.org\/wp-content\/uploads\/2022\/03\/Fundacio-Dolores-Sopena-1-1.png","contentUrl":"https:\/\/sopenabarcelona.org\/wp-content\/uploads\/2022\/03\/Fundacio-Dolores-Sopena-1-1.png","width":250,"height":93,"caption":"Escola Sope\u00f1a Barcelona"},"image":{"@id":"https:\/\/sopenabarcelona.org\/es\/#\/schema\/logo\/image\/"}}]}},"_links":{"self":[{"href":"https:\/\/sopenabarcelona.org\/es\/wp-json\/wp\/v2\/pages\/11428","targetHints":{"allow":["GET"]}}],"collection":[{"href":"https:\/\/sopenabarcelona.org\/es\/wp-json\/wp\/v2\/pages"}],"about":[{"href":"https:\/\/sopenabarcelona.org\/es\/wp-json\/wp\/v2\/types\/page"}],"author":[{"embeddable":true,"href":"https:\/\/sopenabarcelona.org\/es\/wp-json\/wp\/v2\/users\/1"}],"replies":[{"embeddable":true,"href":"https:\/\/sopenabarcelona.org\/es\/wp-json\/wp\/v2\/comments?post=11428"}],"version-history":[{"count":114,"href":"https:\/\/sopenabarcelona.org\/es\/wp-json\/wp\/v2\/pages\/11428\/revisions"}],"predecessor-version":[{"id":24282,"href":"https:\/\/sopenabarcelona.org\/es\/wp-json\/wp\/v2\/pages\/11428\/revisions\/24282"}],"up":[{"embeddable":true,"href":"https:\/\/sopenabarcelona.org\/es\/wp-json\/wp\/v2\/pages\/11416"}],"wp:featuredmedia":[{"embeddable":true,"href":"https:\/\/sopenabarcelona.org\/es\/wp-json\/wp\/v2\/media\/10418"}],"wp:attachment":[{"href":"https:\/\/sopenabarcelona.org\/es\/wp-json\/wp\/v2\/media?parent=11428"}],"curies":[{"name":"wp","href":"https:\/\/api.w.org\/{rel}","templated":true}]}}